{"id":3831,"date":"2026-03-05T16:15:37","date_gmt":"2026-03-05T16:15:37","guid":{"rendered":"https:\/\/ticinoate.ch\/?post_type=mec-events&#038;p=3831"},"modified":"2026-04-24T12:04:26","modified_gmt":"2026-04-24T12:04:26","slug":"de-la-stala-a-la-table","status":"publish","type":"mec-events","link":"https:\/\/ticinoate.ch\/fr\/events\/de-la-stala-a-la-table\/","title":{"rendered":"De La Stala \u00e0 la table"},"content":{"rendered":"<p>Une exp\u00e9rience authentique au c\u0153ur de la ferme La Stala, o\u00f9 tradition, savoir-faire et convivialit\u00e9 se rencontrent. Lors de cette Agriesperienza, les participants d\u00e9couvrent de pr\u00e8s la r\u00e9alit\u00e9 de l\u2019exploitation, le lien entre les animaux, le territoire et la qualit\u00e9 des aliments, et vivent en personne l\u2019artisanat de la pr\u00e9paration de la Luganiga tessinoise.<\/p>\n<p>La journ\u00e9e commence par un moment d\u2019accueil, un caf\u00e9 de bienvenue, suivi d\u2019une visite guid\u00e9e de la ferme.<br \/>\nEntre espaces de production, r\u00e9cits de la vie rurale et attention port\u00e9e au respect du territoire, on approfondit la valeur des circuits courts et de la production locale.<\/p>\n<p>Ensuite, place \u00e0 l\u2019atelier pratique. Avec l\u2019aide du chef, les participants assistent \u00e0 la pr\u00e9paration de la Luganiga : s\u00e9lection des viandes, choix des \u00e9pices, techniques traditionnelles de m\u00e9lange et de mise en boyau sont les \u00e9l\u00e9ments fondamentaux de l\u2019exp\u00e9rience.<\/p>\n<p>La journ\u00e9e se termine par un d\u00e9jeuner ou un d\u00eener convivial, pr\u00e9par\u00e9 avec des mati\u00e8res premi\u00e8res authentiques issues de la ferme, o\u00f9 les produits r\u00e9alis\u00e9s sont d\u00e9gust\u00e9s. Un moment de partage qui met en valeur la simplicit\u00e9 et la qualit\u00e9.<\/p>\n<p><strong><img loading=\"lazy\" decoding=\"async\" class=\"alignnone wp-image-2761 \" src=\"https:\/\/ticinoate.ch\/wp-content\/uploads\/2024\/10\/BOWTA-2025-Sticker-300x300.png\" alt=\"\" width=\"164\" height=\"164\" srcset=\"https:\/\/ticinoate.ch\/wp-content\/uploads\/2024\/10\/BOWTA-2025-Sticker-300x300.png 300w, https:\/\/ticinoate.ch\/wp-content\/uploads\/2024\/10\/BOWTA-2025-Sticker-150x150.png 150w, https:\/\/ticinoate.ch\/wp-content\/uploads\/2024\/10\/BOWTA-2025-Sticker-500x500.png 500w, https:\/\/ticinoate.ch\/wp-content\/uploads\/2024\/10\/BOWTA-2025-Sticker.png 595w\" sizes=\"auto, (max-width: 164px) 100vw, 164px\" \/>\u00a0 \u00a0 \u00a0 \u00a0 \u00a0 \u00a0 \u00a0 \u00a0 \u00a0 \u00a0 <img loading=\"lazy\" decoding=\"async\" class=\"alignnone wp-image-2882 \" src=\"https:\/\/ticinoate.ch\/wp-content\/uploads\/2024\/11\/global_best_of_wine_tourism_logo_new-231x300.png\" alt=\"\" width=\"134\" height=\"174\" srcset=\"https:\/\/ticinoate.ch\/wp-content\/uploads\/2024\/11\/global_best_of_wine_tourism_logo_new-231x300.png 231w, https:\/\/ticinoate.ch\/wp-content\/uploads\/2024\/11\/global_best_of_wine_tourism_logo_new.png 377w\" sizes=\"auto, (max-width: 134px) 100vw, 134px\" \/><br \/>\n<\/strong><\/p>\n<p>&nbsp;<\/p>\n<p>Pour d\u2019autres dates ou une exp\u00e9rience personnalis\u00e9e, contactez : info@agriesperienze.ch<\/p>\n<p>&nbsp;<\/p>\n<p><strong>Informations suppl\u00e9mentaires<\/strong><\/p>\n<p><em>V\u00eatements recommand\u00e9s\u00a0:<\/em> v\u00eatements et chaussures confortables, adapt\u00e9s aux conditions m\u00e9t\u00e9orologiques. Des tabliers seront fournis pour l\u2019activit\u00e9 culinaire.<\/p>\n<hr \/>\n<p><em>Inclus dans le prix :<\/em> caf\u00e9 de bienvenue, visite guid\u00e9e de la ferme La Stala, atelier pratique, d\u00e9jeuner ou d\u00eener.<\/p>\n<hr \/>\n<p><em>Accessibilit\u00e9 en fauteuil roulant :<\/em> oui.<\/p>\n<hr \/>\n<p>Le programme peut subir de l\u00e9g\u00e8res modifications pour des raisons organisationnelles.<\/p>\n","protected":false},"excerpt":{"rendered":"<p>Une exp\u00e9rience authentique au c\u0153ur de la ferme La Stala, o\u00f9 tradition, savoir-faire et convivialit\u00e9 se rencontrent. Lors de cette Agriesperienza, les participants d\u00e9couvrent de pr\u00e8s la r\u00e9alit\u00e9 de l\u2019exploitation,<\/p>\n","protected":false},"author":1,"featured_media":3781,"template":"","tags":[],"mec_category":[],"class_list":["post-3831","mec-events","type-mec-events","status-publish","has-post-thumbnail","hentry"],"yoast_head":"<!-- This site is optimized with the Yoast SEO plugin v26.0 - https:\/\/yoast.com\/wordpress\/plugins\/seo\/ -->\n<title>De La Stala \u00e0 la table &#187; ticinoate.ch<\/title>\n<meta name=\"robots\" content=\"index, follow, max-snippet:-1, max-image-preview:large, max-video-preview:-1\" \/>\n<link rel=\"canonical\" href=\"https:\/\/ticinoate.ch\/fr\/events\/de-la-stala-a-la-table\/\" \/>\n<meta property=\"og:locale\" content=\"fr_FR\" \/>\n<meta property=\"og:type\" content=\"article\" \/>\n<meta property=\"og:title\" content=\"De La Stala \u00e0 la table &#187; ticinoate.ch\" \/>\n<meta property=\"og:description\" content=\"Une exp\u00e9rience authentique au c\u0153ur de la ferme La Stala, o\u00f9 tradition, savoir-faire et convivialit\u00e9 se rencontrent. Lors de cette Agriesperienza, les participants d\u00e9couvrent de pr\u00e8s la r\u00e9alit\u00e9 de l\u2019exploitation,\" \/>\n<meta property=\"og:url\" content=\"https:\/\/ticinoate.ch\/fr\/events\/de-la-stala-a-la-table\/\" \/>\n<meta property=\"og:site_name\" content=\"ticinoate.ch\" \/>\n<meta property=\"article:publisher\" content=\"https:\/\/www.facebook.com\/ticinoate\/\" \/>\n<meta property=\"article:modified_time\" content=\"2026-04-24T12:04:26+00:00\" \/>\n<meta property=\"og:image\" content=\"https:\/\/ticinoate.ch\/wp-content\/uploads\/2026\/03\/La_Stala_agriesperienza_DSC7470_WEB.jpg\" \/>\n\t<meta property=\"og:image:width\" content=\"6978\" \/>\n\t<meta property=\"og:image:height\" content=\"4652\" \/>\n\t<meta property=\"og:image:type\" content=\"image\/jpeg\" \/>\n<meta name=\"twitter:card\" content=\"summary_large_image\" \/>\n<meta name=\"twitter:label1\" content=\"Dur\u00e9e de lecture estim\u00e9e\" \/>\n\t<meta name=\"twitter:data1\" content=\"2 minutes\" \/>\n<script type=\"application\/ld+json\" class=\"yoast-schema-graph\">{\"@context\":\"https:\/\/schema.org\",\"@graph\":[{\"@type\":\"WebPage\",\"@id\":\"https:\/\/ticinoate.ch\/fr\/events\/de-la-stala-a-la-table\/\",\"url\":\"https:\/\/ticinoate.ch\/fr\/events\/de-la-stala-a-la-table\/\",\"name\":\"De La Stala \u00e0 la table &#187; ticinoate.ch\",\"isPartOf\":{\"@id\":\"https:\/\/ticinoate.ch\/#website\"},\"primaryImageOfPage\":{\"@id\":\"https:\/\/ticinoate.ch\/fr\/events\/de-la-stala-a-la-table\/#primaryimage\"},\"image\":{\"@id\":\"https:\/\/ticinoate.ch\/fr\/events\/de-la-stala-a-la-table\/#primaryimage\"},\"thumbnailUrl\":\"https:\/\/ticinoate.ch\/wp-content\/uploads\/2026\/03\/La_Stala_agriesperienza_DSC7470_WEB.jpg\",\"datePublished\":\"2026-03-05T16:15:37+00:00\",\"dateModified\":\"2026-04-24T12:04:26+00:00\",\"breadcrumb\":{\"@id\":\"https:\/\/ticinoate.ch\/fr\/events\/de-la-stala-a-la-table\/#breadcrumb\"},\"inLanguage\":\"fr-FR\",\"potentialAction\":[{\"@type\":\"ReadAction\",\"target\":[\"https:\/\/ticinoate.ch\/fr\/events\/de-la-stala-a-la-table\/\"]}]},{\"@type\":\"ImageObject\",\"inLanguage\":\"fr-FR\",\"@id\":\"https:\/\/ticinoate.ch\/fr\/events\/de-la-stala-a-la-table\/#primaryimage\",\"url\":\"https:\/\/ticinoate.ch\/wp-content\/uploads\/2026\/03\/La_Stala_agriesperienza_DSC7470_WEB.jpg\",\"contentUrl\":\"https:\/\/ticinoate.ch\/wp-content\/uploads\/2026\/03\/La_Stala_agriesperienza_DSC7470_WEB.jpg\",\"width\":6978,\"height\":4652},{\"@type\":\"BreadcrumbList\",\"@id\":\"https:\/\/ticinoate.ch\/fr\/events\/de-la-stala-a-la-table\/#breadcrumb\",\"itemListElement\":[{\"@type\":\"ListItem\",\"position\":1,\"name\":\"Home\",\"item\":\"https:\/\/ticinoate.ch\/fr\/\"},{\"@type\":\"ListItem\",\"position\":2,\"name\":\"Eventi\",\"item\":\"https:\/\/ticinoate.ch\/events\/\"},{\"@type\":\"ListItem\",\"position\":3,\"name\":\"De La Stala \u00e0 la table\"}]},{\"@type\":\"WebSite\",\"@id\":\"https:\/\/ticinoate.ch\/#website\",\"url\":\"https:\/\/ticinoate.ch\/\",\"name\":\"Ticino a Te\",\"description\":\"nostrano e genuino\",\"publisher\":{\"@id\":\"https:\/\/ticinoate.ch\/#organization\"},\"potentialAction\":[{\"@type\":\"SearchAction\",\"target\":{\"@type\":\"EntryPoint\",\"urlTemplate\":\"https:\/\/ticinoate.ch\/?s={search_term_string}\"},\"query-input\":{\"@type\":\"PropertyValueSpecification\",\"valueRequired\":true,\"valueName\":\"search_term_string\"}}],\"inLanguage\":\"fr-FR\"},{\"@type\":\"Organization\",\"@id\":\"https:\/\/ticinoate.ch\/#organization\",\"name\":\"ticinoate\",\"url\":\"https:\/\/ticinoate.ch\/\",\"logo\":{\"@type\":\"ImageObject\",\"inLanguage\":\"fr-FR\",\"@id\":\"https:\/\/ticinoate.ch\/#\/schema\/logo\/image\/\",\"url\":\"https:\/\/ticinoate.ch\/wp-content\/uploads\/2022\/05\/ticinoate_logo.svg\",\"contentUrl\":\"https:\/\/ticinoate.ch\/wp-content\/uploads\/2022\/05\/ticinoate_logo.svg\",\"width\":\"1024\",\"height\":\"1024\",\"caption\":\"ticinoate\"},\"image\":{\"@id\":\"https:\/\/ticinoate.ch\/#\/schema\/logo\/image\/\"},\"sameAs\":[\"https:\/\/www.facebook.com\/ticinoate\/\",\"https:\/\/www.instagram.com\/ticinoate\/?hl=it\"]}]}<\/script>\n<!-- \/ Yoast SEO plugin. -->","yoast_head_json":{"title":"De La Stala \u00e0 la table &#187; ticinoate.ch","robots":{"index":"index","follow":"follow","max-snippet":"max-snippet:-1","max-image-preview":"max-image-preview:large","max-video-preview":"max-video-preview:-1"},"canonical":"https:\/\/ticinoate.ch\/fr\/events\/de-la-stala-a-la-table\/","og_locale":"fr_FR","og_type":"article","og_title":"De La Stala \u00e0 la table &#187; ticinoate.ch","og_description":"Une exp\u00e9rience authentique au c\u0153ur de la ferme La Stala, o\u00f9 tradition, savoir-faire et convivialit\u00e9 se rencontrent. Lors de cette Agriesperienza, les participants d\u00e9couvrent de pr\u00e8s la r\u00e9alit\u00e9 de l\u2019exploitation,","og_url":"https:\/\/ticinoate.ch\/fr\/events\/de-la-stala-a-la-table\/","og_site_name":"ticinoate.ch","article_publisher":"https:\/\/www.facebook.com\/ticinoate\/","article_modified_time":"2026-04-24T12:04:26+00:00","og_image":[{"width":6978,"height":4652,"url":"https:\/\/ticinoate.ch\/wp-content\/uploads\/2026\/03\/La_Stala_agriesperienza_DSC7470_WEB.jpg","type":"image\/jpeg"}],"twitter_card":"summary_large_image","twitter_misc":{"Dur\u00e9e de lecture estim\u00e9e":"2 minutes"},"schema":{"@context":"https:\/\/schema.org","@graph":[{"@type":"WebPage","@id":"https:\/\/ticinoate.ch\/fr\/events\/de-la-stala-a-la-table\/","url":"https:\/\/ticinoate.ch\/fr\/events\/de-la-stala-a-la-table\/","name":"De La Stala \u00e0 la table &#187; ticinoate.ch","isPartOf":{"@id":"https:\/\/ticinoate.ch\/#website"},"primaryImageOfPage":{"@id":"https:\/\/ticinoate.ch\/fr\/events\/de-la-stala-a-la-table\/#primaryimage"},"image":{"@id":"https:\/\/ticinoate.ch\/fr\/events\/de-la-stala-a-la-table\/#primaryimage"},"thumbnailUrl":"https:\/\/ticinoate.ch\/wp-content\/uploads\/2026\/03\/La_Stala_agriesperienza_DSC7470_WEB.jpg","datePublished":"2026-03-05T16:15:37+00:00","dateModified":"2026-04-24T12:04:26+00:00","breadcrumb":{"@id":"https:\/\/ticinoate.ch\/fr\/events\/de-la-stala-a-la-table\/#breadcrumb"},"inLanguage":"fr-FR","potentialAction":[{"@type":"ReadAction","target":["https:\/\/ticinoate.ch\/fr\/events\/de-la-stala-a-la-table\/"]}]},{"@type":"ImageObject","inLanguage":"fr-FR","@id":"https:\/\/ticinoate.ch\/fr\/events\/de-la-stala-a-la-table\/#primaryimage","url":"https:\/\/ticinoate.ch\/wp-content\/uploads\/2026\/03\/La_Stala_agriesperienza_DSC7470_WEB.jpg","contentUrl":"https:\/\/ticinoate.ch\/wp-content\/uploads\/2026\/03\/La_Stala_agriesperienza_DSC7470_WEB.jpg","width":6978,"height":4652},{"@type":"BreadcrumbList","@id":"https:\/\/ticinoate.ch\/fr\/events\/de-la-stala-a-la-table\/#breadcrumb","itemListElement":[{"@type":"ListItem","position":1,"name":"Home","item":"https:\/\/ticinoate.ch\/fr\/"},{"@type":"ListItem","position":2,"name":"Eventi","item":"https:\/\/ticinoate.ch\/events\/"},{"@type":"ListItem","position":3,"name":"De La Stala \u00e0 la table"}]},{"@type":"WebSite","@id":"https:\/\/ticinoate.ch\/#website","url":"https:\/\/ticinoate.ch\/","name":"Ticino a Te","description":"nostrano e genuino","publisher":{"@id":"https:\/\/ticinoate.ch\/#organization"},"potentialAction":[{"@type":"SearchAction","target":{"@type":"EntryPoint","urlTemplate":"https:\/\/ticinoate.ch\/?s={search_term_string}"},"query-input":{"@type":"PropertyValueSpecification","valueRequired":true,"valueName":"search_term_string"}}],"inLanguage":"fr-FR"},{"@type":"Organization","@id":"https:\/\/ticinoate.ch\/#organization","name":"ticinoate","url":"https:\/\/ticinoate.ch\/","logo":{"@type":"ImageObject","inLanguage":"fr-FR","@id":"https:\/\/ticinoate.ch\/#\/schema\/logo\/image\/","url":"https:\/\/ticinoate.ch\/wp-content\/uploads\/2022\/05\/ticinoate_logo.svg","contentUrl":"https:\/\/ticinoate.ch\/wp-content\/uploads\/2022\/05\/ticinoate_logo.svg","width":"1024","height":"1024","caption":"ticinoate"},"image":{"@id":"https:\/\/ticinoate.ch\/#\/schema\/logo\/image\/"},"sameAs":["https:\/\/www.facebook.com\/ticinoate\/","https:\/\/www.instagram.com\/ticinoate\/?hl=it"]}]}},"_links":{"self":[{"href":"https:\/\/ticinoate.ch\/fr\/wp-json\/wp\/v2\/mec-events\/3831","targetHints":{"allow":["GET"]}}],"collection":[{"href":"https:\/\/ticinoate.ch\/fr\/wp-json\/wp\/v2\/mec-events"}],"about":[{"href":"https:\/\/ticinoate.ch\/fr\/wp-json\/wp\/v2\/types\/mec-events"}],"author":[{"embeddable":true,"href":"https:\/\/ticinoate.ch\/fr\/wp-json\/wp\/v2\/users\/1"}],"wp:featuredmedia":[{"embeddable":true,"href":"https:\/\/ticinoate.ch\/fr\/wp-json\/wp\/v2\/media\/3781"}],"wp:attachment":[{"href":"https:\/\/ticinoate.ch\/fr\/wp-json\/wp\/v2\/media?parent=3831"}],"wp:term":[{"taxonomy":"post_tag","embeddable":true,"href":"https:\/\/ticinoate.ch\/fr\/wp-json\/wp\/v2\/tags?post=3831"},{"taxonomy":"mec_category","embeddable":true,"href":"https:\/\/ticinoate.ch\/fr\/wp-json\/wp\/v2\/mec_category?post=3831"}],"curies":[{"name":"wp","href":"https:\/\/api.w.org\/{rel}","templated":true}]}}