{"id":3269,"date":"2025-09-10T13:07:06","date_gmt":"2025-09-10T13:07:06","guid":{"rendered":"https:\/\/ticinoate.ch\/?post_type=mec-events&#038;p=3269"},"modified":"2025-09-19T11:20:31","modified_gmt":"2025-09-19T11:20:31","slug":"automne","status":"publish","type":"mec-events","link":"https:\/\/ticinoate.ch\/fr\/events\/automne\/","title":{"rendered":"AgriExp\u00e9riences d\u2019Automne : quand les saveurs racontent le territoire"},"content":{"rendered":"<p><strong>D\u00e9couvrez les vraies saveurs du Tessin avec l\u2019AgriExp\u00e9rience d\u2019Automne !<\/strong><\/p>\n<p>Un voyage guid\u00e9 parmi les \u00e9tals color\u00e9s de la F\u00eate d\u2019Automne et de l\u2019AgriFestival, o\u00f9 tradition et go\u00fbt s\u2019entrelacent dans une atmosph\u00e8re unique.<\/p>\n<p>En compagnie d\u2019un guide expert, vous rencontrerez les producteurs locaux, d\u00e9gusterez leurs cr\u00e9ations et, au fil d\u2019anecdotes, de conseils et de r\u00e9cits, vous vous laisserez emporter dans un voyage sensoriel entre go\u00fbt et culture.<\/p>\n<p>&nbsp;<\/p>\n<p>\u00c0 la fin de la visite du <strong>march\u00e9<\/strong> et de la suggestive<strong> Corte dei Patrizi<\/strong> (Cour du Patriziat), un moment sp\u00e9cial vous attend : un <strong>ap\u00e9ritif-d\u00e9gustation guid\u00e9<\/strong>, con\u00e7u exclusivement pour vous. Un sommelier vous accompagnera dans un parcours sensoriel en associant avec finesse les produits typiques aux vins s\u00e9lectionn\u00e9s pour sublimer chaque bouch\u00e9e.<\/p>\n<p>&nbsp;<\/p>\n<p>Nouveaut\u00e9 de cette ann\u00e9e : la pr\u00e9sence de producteurs certifi\u00e9s par le label de qualit\u00e9 Ticino regio.garantie, gages d\u2019excellence et de tradition.<\/p>\n<p>R\u00e9servez d\u00e8s maintenant votre AgriExp\u00e9rience d\u2019Automne et laissez-vous surprendre par l\u2019\u00e2me la plus authentique et fascinante du Tessin.<\/p>\n<p>&nbsp;<\/p>\n<p><strong>Promu par le Centre de Comp\u00e9tences Agroalimentaires du Tessin (CCAT)<\/strong><br \/>\n<strong>en collaboration avec<\/strong><\/p>\n<p>&nbsp;<\/p>\n<p><strong><a href=\"https:\/\/www.luganoregion.com\/\" target=\"_blank\" rel=\"noopener\"><img loading=\"lazy\" decoding=\"async\" class=\"alignnone wp-image-3285\" src=\"https:\/\/ticinoate.ch\/wp-content\/uploads\/2025\/09\/lugano_region.jpg\" alt=\"\" width=\"127\" height=\"50\" \/><\/a>\u00a0 \u00a0 \u00a0<a href=\"https:\/\/ticinowine.ch\/\" target=\"_blank\" rel=\"noopener\"><img loading=\"lazy\" decoding=\"async\" class=\"alignnone wp-image-3289\" src=\"https:\/\/ticinoate.ch\/wp-content\/uploads\/2025\/09\/ticinowine.jpg\" alt=\"\" width=\"153\" height=\"50\" \/><\/a>\u00a0 \u00a0 \u00a0<a href=\"https:\/\/guidesi.ch\/\" target=\"_blank\" rel=\"noopener\"><img loading=\"lazy\" decoding=\"async\" class=\"alignnone wp-image-3281\" src=\"https:\/\/ticinoate.ch\/wp-content\/uploads\/2025\/09\/guide_si.jpg\" alt=\"\" width=\"126\" height=\"50\" \/><\/a><\/strong><\/p>\n<p>&nbsp;<\/p>\n<p>&nbsp;<\/p>\n<p><strong><em>Informations compl\u00e9mentaires<\/em><\/strong><\/p>\n<p><em>Inclus dans le prix : <\/em>visite guid\u00e9e, le shopper, la d\u00e9gustation de produits locaux et de vins avec un sommelier<\/p>\n<p>&nbsp;<\/p>\n<p><span class=\"copyright-text\">Copyright foto:<br \/>\n\u00a9 Switzerland Tourism &#8211; Silvano Zeiter,<br \/>\n\u00a9 Lugano Region &#8211; Milo Zanecchia<\/span><\/p>\n","protected":false},"excerpt":{"rendered":"<p>D\u00e9couvrez les vraies saveurs du Tessin avec l\u2019AgriExp\u00e9rience d\u2019Automne ! Un voyage guid\u00e9 parmi les \u00e9tals color\u00e9s de la F\u00eate d\u2019Automne et de l\u2019AgriFestival, o\u00f9 tradition et go\u00fbt s\u2019entrelacent dans<\/p>\n","protected":false},"author":1,"featured_media":3258,"template":"","tags":[],"mec_category":[],"class_list":["post-3269","mec-events","type-mec-events","status-publish","has-post-thumbnail","hentry"],"yoast_head":"<!-- This site is optimized with the Yoast SEO plugin v26.0 - https:\/\/yoast.com\/wordpress\/plugins\/seo\/ -->\n<title>AgriExp\u00e9riences d\u2019Automne : quand les saveurs racontent le territoire &#187; ticinoate.ch<\/title>\n<meta name=\"robots\" content=\"index, follow, max-snippet:-1, max-image-preview:large, max-video-preview:-1\" \/>\n<link rel=\"canonical\" href=\"https:\/\/ticinoate.ch\/fr\/events\/automne\/\" \/>\n<meta property=\"og:locale\" content=\"fr_FR\" \/>\n<meta property=\"og:type\" content=\"article\" \/>\n<meta property=\"og:title\" content=\"AgriExp\u00e9riences d\u2019Automne : quand les saveurs racontent le territoire &#187; ticinoate.ch\" \/>\n<meta property=\"og:description\" content=\"D\u00e9couvrez les vraies saveurs du Tessin avec l\u2019AgriExp\u00e9rience d\u2019Automne ! Un voyage guid\u00e9 parmi les \u00e9tals color\u00e9s de la F\u00eate d\u2019Automne et de l\u2019AgriFestival, o\u00f9 tradition et go\u00fbt s\u2019entrelacent dans\" \/>\n<meta property=\"og:url\" content=\"https:\/\/ticinoate.ch\/fr\/events\/automne\/\" \/>\n<meta property=\"og:site_name\" content=\"ticinoate.ch\" \/>\n<meta property=\"article:publisher\" content=\"https:\/\/www.facebook.com\/ticinoate\/\" \/>\n<meta property=\"article:modified_time\" content=\"2025-09-19T11:20:31+00:00\" \/>\n<meta property=\"og:image\" content=\"https:\/\/ticinoate.ch\/wp-content\/uploads\/2025\/09\/Web-image-LR_mercato-alimentare_lugano_svizzera-turismo-silvano-zeiter_2020_0002.jpg\" \/>\n\t<meta property=\"og:image:width\" content=\"1920\" \/>\n\t<meta property=\"og:image:height\" content=\"1280\" \/>\n\t<meta property=\"og:image:type\" content=\"image\/jpeg\" \/>\n<meta name=\"twitter:card\" content=\"summary_large_image\" \/>\n<meta name=\"twitter:label1\" content=\"Dur\u00e9e de lecture estim\u00e9e\" \/>\n\t<meta name=\"twitter:data1\" content=\"2 minutes\" \/>\n<script type=\"application\/ld+json\" class=\"yoast-schema-graph\">{\"@context\":\"https:\/\/schema.org\",\"@graph\":[{\"@type\":\"WebPage\",\"@id\":\"https:\/\/ticinoate.ch\/fr\/events\/automne\/\",\"url\":\"https:\/\/ticinoate.ch\/fr\/events\/automne\/\",\"name\":\"AgriExp\u00e9riences d\u2019Automne : quand les saveurs racontent le territoire &#187; ticinoate.ch\",\"isPartOf\":{\"@id\":\"https:\/\/ticinoate.ch\/#website\"},\"primaryImageOfPage\":{\"@id\":\"https:\/\/ticinoate.ch\/fr\/events\/automne\/#primaryimage\"},\"image\":{\"@id\":\"https:\/\/ticinoate.ch\/fr\/events\/automne\/#primaryimage\"},\"thumbnailUrl\":\"https:\/\/ticinoate.ch\/wp-content\/uploads\/2025\/09\/Web-image-LR_mercato-alimentare_lugano_svizzera-turismo-silvano-zeiter_2020_0002.jpg\",\"datePublished\":\"2025-09-10T13:07:06+00:00\",\"dateModified\":\"2025-09-19T11:20:31+00:00\",\"breadcrumb\":{\"@id\":\"https:\/\/ticinoate.ch\/fr\/events\/automne\/#breadcrumb\"},\"inLanguage\":\"fr-FR\",\"potentialAction\":[{\"@type\":\"ReadAction\",\"target\":[\"https:\/\/ticinoate.ch\/fr\/events\/automne\/\"]}]},{\"@type\":\"ImageObject\",\"inLanguage\":\"fr-FR\",\"@id\":\"https:\/\/ticinoate.ch\/fr\/events\/automne\/#primaryimage\",\"url\":\"https:\/\/ticinoate.ch\/wp-content\/uploads\/2025\/09\/Web-image-LR_mercato-alimentare_lugano_svizzera-turismo-silvano-zeiter_2020_0002.jpg\",\"contentUrl\":\"https:\/\/ticinoate.ch\/wp-content\/uploads\/2025\/09\/Web-image-LR_mercato-alimentare_lugano_svizzera-turismo-silvano-zeiter_2020_0002.jpg\",\"width\":1920,\"height\":1280},{\"@type\":\"BreadcrumbList\",\"@id\":\"https:\/\/ticinoate.ch\/fr\/events\/automne\/#breadcrumb\",\"itemListElement\":[{\"@type\":\"ListItem\",\"position\":1,\"name\":\"Home\",\"item\":\"https:\/\/ticinoate.ch\/fr\/\"},{\"@type\":\"ListItem\",\"position\":2,\"name\":\"Eventi\",\"item\":\"https:\/\/ticinoate.ch\/events\/\"},{\"@type\":\"ListItem\",\"position\":3,\"name\":\"AgriExp\u00e9riences d\u2019Automne : quand les saveurs racontent le territoire\"}]},{\"@type\":\"WebSite\",\"@id\":\"https:\/\/ticinoate.ch\/#website\",\"url\":\"https:\/\/ticinoate.ch\/\",\"name\":\"Ticino a Te\",\"description\":\"nostrano e genuino\",\"publisher\":{\"@id\":\"https:\/\/ticinoate.ch\/#organization\"},\"potentialAction\":[{\"@type\":\"SearchAction\",\"target\":{\"@type\":\"EntryPoint\",\"urlTemplate\":\"https:\/\/ticinoate.ch\/?s={search_term_string}\"},\"query-input\":{\"@type\":\"PropertyValueSpecification\",\"valueRequired\":true,\"valueName\":\"search_term_string\"}}],\"inLanguage\":\"fr-FR\"},{\"@type\":\"Organization\",\"@id\":\"https:\/\/ticinoate.ch\/#organization\",\"name\":\"ticinoate\",\"url\":\"https:\/\/ticinoate.ch\/\",\"logo\":{\"@type\":\"ImageObject\",\"inLanguage\":\"fr-FR\",\"@id\":\"https:\/\/ticinoate.ch\/#\/schema\/logo\/image\/\",\"url\":\"https:\/\/ticinoate.ch\/wp-content\/uploads\/2022\/05\/ticinoate_logo.svg\",\"contentUrl\":\"https:\/\/ticinoate.ch\/wp-content\/uploads\/2022\/05\/ticinoate_logo.svg\",\"width\":\"1024\",\"height\":\"1024\",\"caption\":\"ticinoate\"},\"image\":{\"@id\":\"https:\/\/ticinoate.ch\/#\/schema\/logo\/image\/\"},\"sameAs\":[\"https:\/\/www.facebook.com\/ticinoate\/\",\"https:\/\/www.instagram.com\/ticinoate\/?hl=it\"]}]}<\/script>\n<!-- \/ Yoast SEO plugin. -->","yoast_head_json":{"title":"AgriExp\u00e9riences d\u2019Automne : quand les saveurs racontent le territoire &#187; ticinoate.ch","robots":{"index":"index","follow":"follow","max-snippet":"max-snippet:-1","max-image-preview":"max-image-preview:large","max-video-preview":"max-video-preview:-1"},"canonical":"https:\/\/ticinoate.ch\/fr\/events\/automne\/","og_locale":"fr_FR","og_type":"article","og_title":"AgriExp\u00e9riences d\u2019Automne : quand les saveurs racontent le territoire &#187; ticinoate.ch","og_description":"D\u00e9couvrez les vraies saveurs du Tessin avec l\u2019AgriExp\u00e9rience d\u2019Automne ! Un voyage guid\u00e9 parmi les \u00e9tals color\u00e9s de la F\u00eate d\u2019Automne et de l\u2019AgriFestival, o\u00f9 tradition et go\u00fbt s\u2019entrelacent dans","og_url":"https:\/\/ticinoate.ch\/fr\/events\/automne\/","og_site_name":"ticinoate.ch","article_publisher":"https:\/\/www.facebook.com\/ticinoate\/","article_modified_time":"2025-09-19T11:20:31+00:00","og_image":[{"width":1920,"height":1280,"url":"https:\/\/ticinoate.ch\/wp-content\/uploads\/2025\/09\/Web-image-LR_mercato-alimentare_lugano_svizzera-turismo-silvano-zeiter_2020_0002.jpg","type":"image\/jpeg"}],"twitter_card":"summary_large_image","twitter_misc":{"Dur\u00e9e de lecture estim\u00e9e":"2 minutes"},"schema":{"@context":"https:\/\/schema.org","@graph":[{"@type":"WebPage","@id":"https:\/\/ticinoate.ch\/fr\/events\/automne\/","url":"https:\/\/ticinoate.ch\/fr\/events\/automne\/","name":"AgriExp\u00e9riences d\u2019Automne : quand les saveurs racontent le territoire &#187; ticinoate.ch","isPartOf":{"@id":"https:\/\/ticinoate.ch\/#website"},"primaryImageOfPage":{"@id":"https:\/\/ticinoate.ch\/fr\/events\/automne\/#primaryimage"},"image":{"@id":"https:\/\/ticinoate.ch\/fr\/events\/automne\/#primaryimage"},"thumbnailUrl":"https:\/\/ticinoate.ch\/wp-content\/uploads\/2025\/09\/Web-image-LR_mercato-alimentare_lugano_svizzera-turismo-silvano-zeiter_2020_0002.jpg","datePublished":"2025-09-10T13:07:06+00:00","dateModified":"2025-09-19T11:20:31+00:00","breadcrumb":{"@id":"https:\/\/ticinoate.ch\/fr\/events\/automne\/#breadcrumb"},"inLanguage":"fr-FR","potentialAction":[{"@type":"ReadAction","target":["https:\/\/ticinoate.ch\/fr\/events\/automne\/"]}]},{"@type":"ImageObject","inLanguage":"fr-FR","@id":"https:\/\/ticinoate.ch\/fr\/events\/automne\/#primaryimage","url":"https:\/\/ticinoate.ch\/wp-content\/uploads\/2025\/09\/Web-image-LR_mercato-alimentare_lugano_svizzera-turismo-silvano-zeiter_2020_0002.jpg","contentUrl":"https:\/\/ticinoate.ch\/wp-content\/uploads\/2025\/09\/Web-image-LR_mercato-alimentare_lugano_svizzera-turismo-silvano-zeiter_2020_0002.jpg","width":1920,"height":1280},{"@type":"BreadcrumbList","@id":"https:\/\/ticinoate.ch\/fr\/events\/automne\/#breadcrumb","itemListElement":[{"@type":"ListItem","position":1,"name":"Home","item":"https:\/\/ticinoate.ch\/fr\/"},{"@type":"ListItem","position":2,"name":"Eventi","item":"https:\/\/ticinoate.ch\/events\/"},{"@type":"ListItem","position":3,"name":"AgriExp\u00e9riences d\u2019Automne : quand les saveurs racontent le territoire"}]},{"@type":"WebSite","@id":"https:\/\/ticinoate.ch\/#website","url":"https:\/\/ticinoate.ch\/","name":"Ticino a Te","description":"nostrano e genuino","publisher":{"@id":"https:\/\/ticinoate.ch\/#organization"},"potentialAction":[{"@type":"SearchAction","target":{"@type":"EntryPoint","urlTemplate":"https:\/\/ticinoate.ch\/?s={search_term_string}"},"query-input":{"@type":"PropertyValueSpecification","valueRequired":true,"valueName":"search_term_string"}}],"inLanguage":"fr-FR"},{"@type":"Organization","@id":"https:\/\/ticinoate.ch\/#organization","name":"ticinoate","url":"https:\/\/ticinoate.ch\/","logo":{"@type":"ImageObject","inLanguage":"fr-FR","@id":"https:\/\/ticinoate.ch\/#\/schema\/logo\/image\/","url":"https:\/\/ticinoate.ch\/wp-content\/uploads\/2022\/05\/ticinoate_logo.svg","contentUrl":"https:\/\/ticinoate.ch\/wp-content\/uploads\/2022\/05\/ticinoate_logo.svg","width":"1024","height":"1024","caption":"ticinoate"},"image":{"@id":"https:\/\/ticinoate.ch\/#\/schema\/logo\/image\/"},"sameAs":["https:\/\/www.facebook.com\/ticinoate\/","https:\/\/www.instagram.com\/ticinoate\/?hl=it"]}]}},"_links":{"self":[{"href":"https:\/\/ticinoate.ch\/fr\/wp-json\/wp\/v2\/mec-events\/3269","targetHints":{"allow":["GET"]}}],"collection":[{"href":"https:\/\/ticinoate.ch\/fr\/wp-json\/wp\/v2\/mec-events"}],"about":[{"href":"https:\/\/ticinoate.ch\/fr\/wp-json\/wp\/v2\/types\/mec-events"}],"author":[{"embeddable":true,"href":"https:\/\/ticinoate.ch\/fr\/wp-json\/wp\/v2\/users\/1"}],"wp:featuredmedia":[{"embeddable":true,"href":"https:\/\/ticinoate.ch\/fr\/wp-json\/wp\/v2\/media\/3258"}],"wp:attachment":[{"href":"https:\/\/ticinoate.ch\/fr\/wp-json\/wp\/v2\/media?parent=3269"}],"wp:term":[{"taxonomy":"post_tag","embeddable":true,"href":"https:\/\/ticinoate.ch\/fr\/wp-json\/wp\/v2\/tags?post=3269"},{"taxonomy":"mec_category","embeddable":true,"href":"https:\/\/ticinoate.ch\/fr\/wp-json\/wp\/v2\/mec_category?post=3269"}],"curies":[{"name":"wp","href":"https:\/\/api.w.org\/{rel}","templated":true}]}}