{"id":3134,"date":"2025-06-06T14:21:13","date_gmt":"2025-06-06T14:21:13","guid":{"rendered":"https:\/\/ticinoate.ch\/?post_type=mec-events&#038;p=3134"},"modified":"2026-04-24T12:09:04","modified_gmt":"2026-04-24T12:09:04","slug":"viticoltura-urbana","status":"publish","type":"mec-events","link":"https:\/\/ticinoate.ch\/fr\/events\/viticoltura-urbana\/","title":{"rendered":"\u00c0 la d\u00e9couverte de la viticulture urbaine de Bellinzona, \u00e0 travers l\u2019histoire et le go\u00fbt"},"content":{"rendered":"<p>Depuis des si\u00e8cles, les rang\u00e9es de vigne en terrasses typiques de la tradition viticole tessinoise fa\u00e7onnent le paysage de Bellinzona. Dans leur forme la plus authentique, le raisin et le vin ont toujours trouv\u00e9 leur place sur les tables de la ville, qu\u2019il s\u2019agisse de celles des familles patriciennes ou de celles des gens ordinaires.<\/p>\n<p>L\u2019 Agriesperienza commence par une magnifique promenade \u00e0 la d\u00e9couverte du paysage vitivinicole de Bellinzona, qui nous conduira au vignoble de l\u2019\u00e9glise Saint-S\u00e9bastien d\u2019Artore, l\u2019un des vignobles g\u00e9r\u00e9s par l\u2019Azienda Agricola Manimatte. Tout au long du parcours, le guide partage des anecdotes et des curiosit\u00e9s li\u00e9es \u00e0 l\u2019histoire, \u00e0 la culture et \u00e0 la gastronomie locale.<\/p>\n<p>Arriv\u00e9s au vignoble, une d\u00e9gustation de quelques vins biologiques du domaine est pr\u00e9vue, accompagn\u00e9e de produits locaux. L\u2019exp\u00e9rience se conclut par le retour vers le centre de Bellinzona, enrichi d\u2019autres r\u00e9cits et anecdotes sur la ville. \u00c0 la fin de la visite, pour celles et ceux qui le souhaitent, des informations sont fournies sur la cave Manimatte, o\u00f9 il est possible d\u2019acheter les vins et les autres produits du domaine.<\/p>\n<p>&nbsp;<\/p>\n<p><a href=\"https:\/\/ticinoate.ch\/fr\/best-of-wine-tourism-2025\/\"><img loading=\"lazy\" decoding=\"async\" class=\"alignnone wp-image-2761\" src=\"https:\/\/ticinoate.ch\/wp-content\/uploads\/2024\/10\/BOWTA-2025-Sticker-300x300.png\" alt=\"\" width=\"139\" height=\"139\" srcset=\"https:\/\/ticinoate.ch\/wp-content\/uploads\/2024\/10\/BOWTA-2025-Sticker-300x300.png 300w, https:\/\/ticinoate.ch\/wp-content\/uploads\/2024\/10\/BOWTA-2025-Sticker-150x150.png 150w, https:\/\/ticinoate.ch\/wp-content\/uploads\/2024\/10\/BOWTA-2025-Sticker-500x500.png 500w, https:\/\/ticinoate.ch\/wp-content\/uploads\/2024\/10\/BOWTA-2025-Sticker.png 595w\" sizes=\"auto, (max-width: 139px) 100vw, 139px\" \/><\/a>\u00a0 \u00a0 \u00a0 \u00a0 \u00a0 \u00a0 \u00a0 \u00a0 \u00a0<a href=\"https:\/\/ticinoate.ch\/fr\/best-of-wine-tourism-global-winner-2025\/\"><img loading=\"lazy\" decoding=\"async\" class=\"alignnone wp-image-2810\" src=\"https:\/\/ticinoate.ch\/wp-content\/uploads\/2024\/10\/Global-Best-Of-1-237x300.png\" alt=\"\" width=\"112\" height=\"141\" srcset=\"https:\/\/ticinoate.ch\/wp-content\/uploads\/2024\/10\/Global-Best-Of-1-237x300.png 237w, https:\/\/ticinoate.ch\/wp-content\/uploads\/2024\/10\/Global-Best-Of-1.png 389w\" sizes=\"auto, (max-width: 112px) 100vw, 112px\" \/><\/a><\/p>\n<p>&nbsp;<\/p>\n<p>&nbsp;<\/p>\n<h6>Pour d&rsquo;autres dates, des exp\u00e9riences personnalis\u00e9es et des informations, \u00e9crivez-nous par <a href=\"mailto:info@ticinoate.ch\" target=\"_blank\" rel=\"noopener\">mail<\/a>.<\/h6>\n<p>&nbsp;<\/p>\n<p>&nbsp;<\/p>\n<p><strong>Informations compl\u00e9mentaires<\/strong><\/p>\n<p><em>V\u00eatements recommand\u00e9s : <\/em>v\u00eatements (chauds en automne) et des chaussures confortables, de la cr\u00e8me solaire et un couvre-chef en \u00e9t\u00e9.<\/p>\n<hr \/>\n<p><em>Inclus dans lo prix <\/em>: service de guide bilingue, d\u00e9gustation de vins accompagn\u00e9e de sp\u00e9cialit\u00e9s locales.<\/p>\n<hr \/>\n<p><em>Acc\u00e8s pour fauteuils roulants <\/em>: non.<\/p>\n<hr \/>\n<p><em>Extra: possibilit\u00e9 de visiter la cave de l\u2019Azienda Agricola Manimatte et d\u2019effectuer une visite guid\u00e9e approfondie de Bellinzona, avec ses ch\u00e2teaux et, sur demande, d\u2019autres monuments<\/em>.<\/p>\n<hr \/>\n<p><em>Achats: les personnes qui visitent la cave peuvent \u00e9galement effectuer des achats sur place. Les \u00e9ventuels achats peuvent \u00eatre exp\u00e9di\u00e9s \u00e0 domicile ; livraison gratuite \u00e0 partir de 12 bouteilles.<\/em><\/p>\n<hr \/>\n<p><em>Le programme peut subir de l\u00e9g\u00e8res variations pour des raisons d&rsquo;organisation. En cas de fortes pluies, l\u2019agriesp\u00e9rience sera annul\u00e9e.<\/em><\/p>\n","protected":false},"excerpt":{"rendered":"<p>Depuis des si\u00e8cles, les rang\u00e9es de vigne en terrasses typiques de la tradition viticole tessinoise fa\u00e7onnent le paysage de Bellinzona. Dans leur forme la plus authentique, le raisin et le<\/p>\n","protected":false},"author":1,"featured_media":3103,"template":"","tags":[],"mec_category":[],"class_list":["post-3134","mec-events","type-mec-events","status-publish","has-post-thumbnail","hentry"],"yoast_head":"<!-- This site is optimized with the Yoast SEO plugin v26.0 - https:\/\/yoast.com\/wordpress\/plugins\/seo\/ -->\n<title>\u00c0 la d\u00e9couverte de la viticulture urbaine de Bellinzona, \u00e0 travers l\u2019histoire et le go\u00fbt &#187; ticinoate.ch<\/title>\n<meta name=\"robots\" content=\"index, follow, max-snippet:-1, max-image-preview:large, max-video-preview:-1\" \/>\n<link rel=\"canonical\" href=\"https:\/\/ticinoate.ch\/fr\/events\/viticoltura-urbana\/\" \/>\n<meta property=\"og:locale\" content=\"fr_FR\" \/>\n<meta property=\"og:type\" content=\"article\" \/>\n<meta property=\"og:title\" content=\"\u00c0 la d\u00e9couverte de la viticulture urbaine de Bellinzona, \u00e0 travers l\u2019histoire et le go\u00fbt &#187; ticinoate.ch\" \/>\n<meta property=\"og:description\" content=\"Depuis des si\u00e8cles, les rang\u00e9es de vigne en terrasses typiques de la tradition viticole tessinoise fa\u00e7onnent le paysage de Bellinzona. Dans leur forme la plus authentique, le raisin et le\" \/>\n<meta property=\"og:url\" content=\"https:\/\/ticinoate.ch\/fr\/events\/viticoltura-urbana\/\" \/>\n<meta property=\"og:site_name\" content=\"ticinoate.ch\" \/>\n<meta property=\"article:publisher\" content=\"https:\/\/www.facebook.com\/ticinoate\/\" \/>\n<meta property=\"article:modified_time\" content=\"2026-04-24T12:09:04+00:00\" \/>\n<meta property=\"og:image\" content=\"https:\/\/ticinoate.ch\/wp-content\/uploads\/2025\/06\/Agriesperienza_ManiMatte_BZN2265_web.jpg\" \/>\n\t<meta property=\"og:image:width\" content=\"1200\" \/>\n\t<meta property=\"og:image:height\" content=\"800\" \/>\n\t<meta property=\"og:image:type\" content=\"image\/jpeg\" \/>\n<meta name=\"twitter:card\" content=\"summary_large_image\" \/>\n<meta name=\"twitter:label1\" content=\"Dur\u00e9e de lecture estim\u00e9e\" \/>\n\t<meta name=\"twitter:data1\" content=\"3 minutes\" \/>\n<script type=\"application\/ld+json\" class=\"yoast-schema-graph\">{\"@context\":\"https:\/\/schema.org\",\"@graph\":[{\"@type\":\"WebPage\",\"@id\":\"https:\/\/ticinoate.ch\/fr\/events\/viticoltura-urbana\/\",\"url\":\"https:\/\/ticinoate.ch\/fr\/events\/viticoltura-urbana\/\",\"name\":\"\u00c0 la d\u00e9couverte de la viticulture urbaine de Bellinzona, \u00e0 travers l\u2019histoire et le go\u00fbt &#187; ticinoate.ch\",\"isPartOf\":{\"@id\":\"https:\/\/ticinoate.ch\/#website\"},\"primaryImageOfPage\":{\"@id\":\"https:\/\/ticinoate.ch\/fr\/events\/viticoltura-urbana\/#primaryimage\"},\"image\":{\"@id\":\"https:\/\/ticinoate.ch\/fr\/events\/viticoltura-urbana\/#primaryimage\"},\"thumbnailUrl\":\"https:\/\/ticinoate.ch\/wp-content\/uploads\/2025\/06\/Agriesperienza_ManiMatte_BZN2265_web.jpg\",\"datePublished\":\"2025-06-06T14:21:13+00:00\",\"dateModified\":\"2026-04-24T12:09:04+00:00\",\"breadcrumb\":{\"@id\":\"https:\/\/ticinoate.ch\/fr\/events\/viticoltura-urbana\/#breadcrumb\"},\"inLanguage\":\"fr-FR\",\"potentialAction\":[{\"@type\":\"ReadAction\",\"target\":[\"https:\/\/ticinoate.ch\/fr\/events\/viticoltura-urbana\/\"]}]},{\"@type\":\"ImageObject\",\"inLanguage\":\"fr-FR\",\"@id\":\"https:\/\/ticinoate.ch\/fr\/events\/viticoltura-urbana\/#primaryimage\",\"url\":\"https:\/\/ticinoate.ch\/wp-content\/uploads\/2025\/06\/Agriesperienza_ManiMatte_BZN2265_web.jpg\",\"contentUrl\":\"https:\/\/ticinoate.ch\/wp-content\/uploads\/2025\/06\/Agriesperienza_ManiMatte_BZN2265_web.jpg\",\"width\":1200,\"height\":800,\"caption\":\"21.05.2025, Bellinzona, Agriesperienza - Manimatte (Michela Locatelli\/photolocatelli.ch)\"},{\"@type\":\"BreadcrumbList\",\"@id\":\"https:\/\/ticinoate.ch\/fr\/events\/viticoltura-urbana\/#breadcrumb\",\"itemListElement\":[{\"@type\":\"ListItem\",\"position\":1,\"name\":\"Home\",\"item\":\"https:\/\/ticinoate.ch\/fr\/\"},{\"@type\":\"ListItem\",\"position\":2,\"name\":\"Eventi\",\"item\":\"https:\/\/ticinoate.ch\/events\/\"},{\"@type\":\"ListItem\",\"position\":3,\"name\":\"\u00c0 la d\u00e9couverte de la viticulture urbaine de Bellinzona, \u00e0 travers l\u2019histoire et le go\u00fbt\"}]},{\"@type\":\"WebSite\",\"@id\":\"https:\/\/ticinoate.ch\/#website\",\"url\":\"https:\/\/ticinoate.ch\/\",\"name\":\"Ticino a Te\",\"description\":\"nostrano e genuino\",\"publisher\":{\"@id\":\"https:\/\/ticinoate.ch\/#organization\"},\"potentialAction\":[{\"@type\":\"SearchAction\",\"target\":{\"@type\":\"EntryPoint\",\"urlTemplate\":\"https:\/\/ticinoate.ch\/?s={search_term_string}\"},\"query-input\":{\"@type\":\"PropertyValueSpecification\",\"valueRequired\":true,\"valueName\":\"search_term_string\"}}],\"inLanguage\":\"fr-FR\"},{\"@type\":\"Organization\",\"@id\":\"https:\/\/ticinoate.ch\/#organization\",\"name\":\"ticinoate\",\"url\":\"https:\/\/ticinoate.ch\/\",\"logo\":{\"@type\":\"ImageObject\",\"inLanguage\":\"fr-FR\",\"@id\":\"https:\/\/ticinoate.ch\/#\/schema\/logo\/image\/\",\"url\":\"https:\/\/ticinoate.ch\/wp-content\/uploads\/2022\/05\/ticinoate_logo.svg\",\"contentUrl\":\"https:\/\/ticinoate.ch\/wp-content\/uploads\/2022\/05\/ticinoate_logo.svg\",\"width\":\"1024\",\"height\":\"1024\",\"caption\":\"ticinoate\"},\"image\":{\"@id\":\"https:\/\/ticinoate.ch\/#\/schema\/logo\/image\/\"},\"sameAs\":[\"https:\/\/www.facebook.com\/ticinoate\/\",\"https:\/\/www.instagram.com\/ticinoate\/?hl=it\"]}]}<\/script>\n<!-- \/ Yoast SEO plugin. -->","yoast_head_json":{"title":"\u00c0 la d\u00e9couverte de la viticulture urbaine de Bellinzona, \u00e0 travers l\u2019histoire et le go\u00fbt &#187; ticinoate.ch","robots":{"index":"index","follow":"follow","max-snippet":"max-snippet:-1","max-image-preview":"max-image-preview:large","max-video-preview":"max-video-preview:-1"},"canonical":"https:\/\/ticinoate.ch\/fr\/events\/viticoltura-urbana\/","og_locale":"fr_FR","og_type":"article","og_title":"\u00c0 la d\u00e9couverte de la viticulture urbaine de Bellinzona, \u00e0 travers l\u2019histoire et le go\u00fbt &#187; ticinoate.ch","og_description":"Depuis des si\u00e8cles, les rang\u00e9es de vigne en terrasses typiques de la tradition viticole tessinoise fa\u00e7onnent le paysage de Bellinzona. Dans leur forme la plus authentique, le raisin et le","og_url":"https:\/\/ticinoate.ch\/fr\/events\/viticoltura-urbana\/","og_site_name":"ticinoate.ch","article_publisher":"https:\/\/www.facebook.com\/ticinoate\/","article_modified_time":"2026-04-24T12:09:04+00:00","og_image":[{"width":1200,"height":800,"url":"https:\/\/ticinoate.ch\/wp-content\/uploads\/2025\/06\/Agriesperienza_ManiMatte_BZN2265_web.jpg","type":"image\/jpeg"}],"twitter_card":"summary_large_image","twitter_misc":{"Dur\u00e9e de lecture estim\u00e9e":"3 minutes"},"schema":{"@context":"https:\/\/schema.org","@graph":[{"@type":"WebPage","@id":"https:\/\/ticinoate.ch\/fr\/events\/viticoltura-urbana\/","url":"https:\/\/ticinoate.ch\/fr\/events\/viticoltura-urbana\/","name":"\u00c0 la d\u00e9couverte de la viticulture urbaine de Bellinzona, \u00e0 travers l\u2019histoire et le go\u00fbt &#187; ticinoate.ch","isPartOf":{"@id":"https:\/\/ticinoate.ch\/#website"},"primaryImageOfPage":{"@id":"https:\/\/ticinoate.ch\/fr\/events\/viticoltura-urbana\/#primaryimage"},"image":{"@id":"https:\/\/ticinoate.ch\/fr\/events\/viticoltura-urbana\/#primaryimage"},"thumbnailUrl":"https:\/\/ticinoate.ch\/wp-content\/uploads\/2025\/06\/Agriesperienza_ManiMatte_BZN2265_web.jpg","datePublished":"2025-06-06T14:21:13+00:00","dateModified":"2026-04-24T12:09:04+00:00","breadcrumb":{"@id":"https:\/\/ticinoate.ch\/fr\/events\/viticoltura-urbana\/#breadcrumb"},"inLanguage":"fr-FR","potentialAction":[{"@type":"ReadAction","target":["https:\/\/ticinoate.ch\/fr\/events\/viticoltura-urbana\/"]}]},{"@type":"ImageObject","inLanguage":"fr-FR","@id":"https:\/\/ticinoate.ch\/fr\/events\/viticoltura-urbana\/#primaryimage","url":"https:\/\/ticinoate.ch\/wp-content\/uploads\/2025\/06\/Agriesperienza_ManiMatte_BZN2265_web.jpg","contentUrl":"https:\/\/ticinoate.ch\/wp-content\/uploads\/2025\/06\/Agriesperienza_ManiMatte_BZN2265_web.jpg","width":1200,"height":800,"caption":"21.05.2025, Bellinzona, Agriesperienza - Manimatte (Michela Locatelli\/photolocatelli.ch)"},{"@type":"BreadcrumbList","@id":"https:\/\/ticinoate.ch\/fr\/events\/viticoltura-urbana\/#breadcrumb","itemListElement":[{"@type":"ListItem","position":1,"name":"Home","item":"https:\/\/ticinoate.ch\/fr\/"},{"@type":"ListItem","position":2,"name":"Eventi","item":"https:\/\/ticinoate.ch\/events\/"},{"@type":"ListItem","position":3,"name":"\u00c0 la d\u00e9couverte de la viticulture urbaine de Bellinzona, \u00e0 travers l\u2019histoire et le go\u00fbt"}]},{"@type":"WebSite","@id":"https:\/\/ticinoate.ch\/#website","url":"https:\/\/ticinoate.ch\/","name":"Ticino a Te","description":"nostrano e genuino","publisher":{"@id":"https:\/\/ticinoate.ch\/#organization"},"potentialAction":[{"@type":"SearchAction","target":{"@type":"EntryPoint","urlTemplate":"https:\/\/ticinoate.ch\/?s={search_term_string}"},"query-input":{"@type":"PropertyValueSpecification","valueRequired":true,"valueName":"search_term_string"}}],"inLanguage":"fr-FR"},{"@type":"Organization","@id":"https:\/\/ticinoate.ch\/#organization","name":"ticinoate","url":"https:\/\/ticinoate.ch\/","logo":{"@type":"ImageObject","inLanguage":"fr-FR","@id":"https:\/\/ticinoate.ch\/#\/schema\/logo\/image\/","url":"https:\/\/ticinoate.ch\/wp-content\/uploads\/2022\/05\/ticinoate_logo.svg","contentUrl":"https:\/\/ticinoate.ch\/wp-content\/uploads\/2022\/05\/ticinoate_logo.svg","width":"1024","height":"1024","caption":"ticinoate"},"image":{"@id":"https:\/\/ticinoate.ch\/#\/schema\/logo\/image\/"},"sameAs":["https:\/\/www.facebook.com\/ticinoate\/","https:\/\/www.instagram.com\/ticinoate\/?hl=it"]}]}},"_links":{"self":[{"href":"https:\/\/ticinoate.ch\/fr\/wp-json\/wp\/v2\/mec-events\/3134","targetHints":{"allow":["GET"]}}],"collection":[{"href":"https:\/\/ticinoate.ch\/fr\/wp-json\/wp\/v2\/mec-events"}],"about":[{"href":"https:\/\/ticinoate.ch\/fr\/wp-json\/wp\/v2\/types\/mec-events"}],"author":[{"embeddable":true,"href":"https:\/\/ticinoate.ch\/fr\/wp-json\/wp\/v2\/users\/1"}],"wp:featuredmedia":[{"embeddable":true,"href":"https:\/\/ticinoate.ch\/fr\/wp-json\/wp\/v2\/media\/3103"}],"wp:attachment":[{"href":"https:\/\/ticinoate.ch\/fr\/wp-json\/wp\/v2\/media?parent=3134"}],"wp:term":[{"taxonomy":"post_tag","embeddable":true,"href":"https:\/\/ticinoate.ch\/fr\/wp-json\/wp\/v2\/tags?post=3134"},{"taxonomy":"mec_category","embeddable":true,"href":"https:\/\/ticinoate.ch\/fr\/wp-json\/wp\/v2\/mec_category?post=3134"}],"curies":[{"name":"wp","href":"https:\/\/api.w.org\/{rel}","templated":true}]}}