{"id":1686,"date":"2023-04-06T08:27:59","date_gmt":"2023-04-06T08:27:59","guid":{"rendered":"https:\/\/ticinoate.ch\/events\/le-val-verzasca-et-ses-eaux-merveilleuses\/"},"modified":"2026-04-24T12:43:25","modified_gmt":"2026-04-24T12:43:25","slug":"le-val-verzasca-et-ses-eaux-merveilleuses","status":"publish","type":"mec-events","link":"https:\/\/ticinoate.ch\/fr\/events\/le-val-verzasca-et-ses-eaux-merveilleuses\/","title":{"rendered":"Le Val Verzasca et ses eaux merveilleuses"},"content":{"rendered":"<p>D\u00e9couvrons ensemble le Val Verzasca, l&rsquo;une des plus belles vall\u00e9es des Alpes du Sud, avec sa magnifique rivi\u00e8re de couleur turquoise. Rest\u00e9e isol\u00e9e pendant des si\u00e8cles en raison de son acc\u00e8s difficile, nous pouvons aujourd&rsquo;hui imaginer les difficult\u00e9s de vie de ses habitants dans le pass\u00e9 et appr\u00e9cier la belle architecture rurale qui est rest\u00e9e intacte. Apr\u00e8s avoir retrouv\u00e9 le guide, qui nous accompagnera pendant toute la dur\u00e9e de l&rsquo;exp\u00e9rience et nous parlera de la r\u00e9gion, \u00e0 la gare de Sant\u2019Antonino, nous partirons en minibus priv\u00e9 pour d\u00e9couvrir l&rsquo;une des r\u00e9alit\u00e9s agricoles de la plaine de Magadino, l&rsquo;exploitation La Colombera de Tessa Tognetti, o\u00f9 nous aurons l&rsquo;occasion de d\u00e9guster ses d\u00e9licieux produits au cours d&rsquo;un riche ap\u00e9ritif. Une fois dans la vall\u00e9e, nous admirerons le c\u00e9l\u00e8bre barrage de la Verzasca (l&rsquo;un des plus hauts du monde), et le Ponte dei Salti, avant d&rsquo;arriver \u00e0 Gerra Verzasca, o\u00f9 une sommeli\u00e8re d&rsquo;eau nous attendra pour une exp\u00e9rience tr\u00e8s sp\u00e9ciale et peut-\u00eatre m\u00eame surprenante. Un moment de fra\u00eecheur avant le retour \u00e0 la gare de S. Antonino.<\/p>\n<p>&nbsp;<\/p>\n<p><a href=\"https:\/\/ticinoate.ch\/fr\/best-of-wine-tourism-2025\/\"><img loading=\"lazy\" decoding=\"async\" class=\"alignnone wp-image-2761\" src=\"https:\/\/ticinoate.ch\/wp-content\/uploads\/2024\/10\/BOWTA-2025-Sticker-300x300.png\" alt=\"\" width=\"139\" height=\"139\" srcset=\"https:\/\/ticinoate.ch\/wp-content\/uploads\/2024\/10\/BOWTA-2025-Sticker-300x300.png 300w, https:\/\/ticinoate.ch\/wp-content\/uploads\/2024\/10\/BOWTA-2025-Sticker-150x150.png 150w, https:\/\/ticinoate.ch\/wp-content\/uploads\/2024\/10\/BOWTA-2025-Sticker-500x500.png 500w, https:\/\/ticinoate.ch\/wp-content\/uploads\/2024\/10\/BOWTA-2025-Sticker.png 595w\" sizes=\"auto, (max-width: 139px) 100vw, 139px\" \/><\/a>\u00a0 \u00a0 \u00a0 \u00a0 \u00a0 \u00a0 \u00a0 \u00a0 \u00a0<a href=\"https:\/\/ticinoate.ch\/fr\/best-of-wine-tourism-global-winner-2025\/\"><img loading=\"lazy\" decoding=\"async\" class=\"alignnone wp-image-2810\" src=\"https:\/\/ticinoate.ch\/wp-content\/uploads\/2024\/10\/Global-Best-Of-1-237x300.png\" alt=\"\" width=\"112\" height=\"141\" srcset=\"https:\/\/ticinoate.ch\/wp-content\/uploads\/2024\/10\/Global-Best-Of-1-237x300.png 237w, https:\/\/ticinoate.ch\/wp-content\/uploads\/2024\/10\/Global-Best-Of-1.png 389w\" sizes=\"auto, (max-width: 112px) 100vw, 112px\" \/><\/a><\/p>\n<p>&nbsp;<\/p>\n<h6>Pour d&rsquo;autres dates, des exp\u00e9riences personnalis\u00e9es et des informations, \u00e9crivez-nous par <a href=\"mailto:info@ticinoate.ch\" target=\"_blank\" rel=\"noopener\">mail<\/a>.<\/h6>\n<p>&nbsp;<\/p>\n<p>&nbsp;<\/p>\n<p><strong>Informations compl\u00e9mentaires<\/strong><\/p>\n<p><em>Tenue recommand\u00e9e :<\/em> v\u00eatements et chaussures confortables, cr\u00e8me solaire et couvre-chef pendant les mois d&rsquo;\u00e9t\u00e9.<\/p>\n<hr \/>\n<p><em>Inclus dans le prix :<\/em> service d&rsquo;un guide bilingue, riche ap\u00e9ritif avec des produits locaux, 1 verre de vin, eau, jus de pomme, visite du moulin de Frasco, d\u00e9gustation exclusive d&rsquo;eau avec la premi\u00e8re sommeli\u00e8re d&rsquo;eau de Suisse.<\/p>\n<hr \/>\n<p><em>Acc\u00e8s pour fauteuils roulants :<\/em> non.<\/p>\n<hr \/>\n<p><em>Le programme peut subir de l\u00e9g\u00e8res variations pour des raisons d&rsquo;organisation.<\/em><\/p>\n","protected":false},"excerpt":{"rendered":"<p>D\u00e9couvrons ensemble le Val Verzasca, l&rsquo;une des plus belles vall\u00e9es des Alpes du Sud, avec sa magnifique rivi\u00e8re de couleur turquoise. Rest\u00e9e isol\u00e9e pendant des si\u00e8cles en raison de son<\/p>\n","protected":false},"author":1,"featured_media":1457,"template":"","tags":[],"mec_category":[],"class_list":["post-1686","mec-events","type-mec-events","status-publish","has-post-thumbnail","hentry"],"yoast_head":"<!-- This site is optimized with the Yoast SEO plugin v26.0 - https:\/\/yoast.com\/wordpress\/plugins\/seo\/ -->\n<title>Le Val Verzasca et ses eaux merveilleuses &#187; ticinoate.ch<\/title>\n<meta name=\"robots\" content=\"index, follow, max-snippet:-1, max-image-preview:large, max-video-preview:-1\" \/>\n<link rel=\"canonical\" href=\"https:\/\/ticinoate.ch\/fr\/events\/le-val-verzasca-et-ses-eaux-merveilleuses\/\" \/>\n<meta property=\"og:locale\" content=\"fr_FR\" \/>\n<meta property=\"og:type\" content=\"article\" \/>\n<meta property=\"og:title\" content=\"Le Val Verzasca et ses eaux merveilleuses &#187; ticinoate.ch\" \/>\n<meta property=\"og:description\" content=\"D\u00e9couvrons ensemble le Val Verzasca, l&rsquo;une des plus belles vall\u00e9es des Alpes du Sud, avec sa magnifique rivi\u00e8re de couleur turquoise. Rest\u00e9e isol\u00e9e pendant des si\u00e8cles en raison de son\" \/>\n<meta property=\"og:url\" content=\"https:\/\/ticinoate.ch\/fr\/events\/le-val-verzasca-et-ses-eaux-merveilleuses\/\" \/>\n<meta property=\"og:site_name\" content=\"ticinoate.ch\" \/>\n<meta property=\"article:publisher\" content=\"https:\/\/www.facebook.com\/ticinoate\/\" \/>\n<meta property=\"article:modified_time\" content=\"2026-04-24T12:43:25+00:00\" \/>\n<meta property=\"og:image\" content=\"https:\/\/ticinoate.ch\/wp-content\/uploads\/2023\/04\/ticinoate_agriemozioni_Verzasca_2.jpg\" \/>\n\t<meta property=\"og:image:width\" content=\"1200\" \/>\n\t<meta property=\"og:image:height\" content=\"800\" \/>\n\t<meta property=\"og:image:type\" content=\"image\/jpeg\" \/>\n<meta name=\"twitter:card\" content=\"summary_large_image\" \/>\n<meta name=\"twitter:label1\" content=\"Dur\u00e9e de lecture estim\u00e9e\" \/>\n\t<meta name=\"twitter:data1\" content=\"2 minutes\" \/>\n<script type=\"application\/ld+json\" class=\"yoast-schema-graph\">{\"@context\":\"https:\/\/schema.org\",\"@graph\":[{\"@type\":\"WebPage\",\"@id\":\"https:\/\/ticinoate.ch\/fr\/events\/le-val-verzasca-et-ses-eaux-merveilleuses\/\",\"url\":\"https:\/\/ticinoate.ch\/fr\/events\/le-val-verzasca-et-ses-eaux-merveilleuses\/\",\"name\":\"Le Val Verzasca et ses eaux merveilleuses &#187; ticinoate.ch\",\"isPartOf\":{\"@id\":\"https:\/\/ticinoate.ch\/#website\"},\"primaryImageOfPage\":{\"@id\":\"https:\/\/ticinoate.ch\/fr\/events\/le-val-verzasca-et-ses-eaux-merveilleuses\/#primaryimage\"},\"image\":{\"@id\":\"https:\/\/ticinoate.ch\/fr\/events\/le-val-verzasca-et-ses-eaux-merveilleuses\/#primaryimage\"},\"thumbnailUrl\":\"https:\/\/ticinoate.ch\/wp-content\/uploads\/2023\/04\/ticinoate_agriemozioni_Verzasca_2.jpg\",\"datePublished\":\"2023-04-06T08:27:59+00:00\",\"dateModified\":\"2026-04-24T12:43:25+00:00\",\"breadcrumb\":{\"@id\":\"https:\/\/ticinoate.ch\/fr\/events\/le-val-verzasca-et-ses-eaux-merveilleuses\/#breadcrumb\"},\"inLanguage\":\"fr-FR\",\"potentialAction\":[{\"@type\":\"ReadAction\",\"target\":[\"https:\/\/ticinoate.ch\/fr\/events\/le-val-verzasca-et-ses-eaux-merveilleuses\/\"]}]},{\"@type\":\"ImageObject\",\"inLanguage\":\"fr-FR\",\"@id\":\"https:\/\/ticinoate.ch\/fr\/events\/le-val-verzasca-et-ses-eaux-merveilleuses\/#primaryimage\",\"url\":\"https:\/\/ticinoate.ch\/wp-content\/uploads\/2023\/04\/ticinoate_agriemozioni_Verzasca_2.jpg\",\"contentUrl\":\"https:\/\/ticinoate.ch\/wp-content\/uploads\/2023\/04\/ticinoate_agriemozioni_Verzasca_2.jpg\",\"width\":1200,\"height\":800},{\"@type\":\"BreadcrumbList\",\"@id\":\"https:\/\/ticinoate.ch\/fr\/events\/le-val-verzasca-et-ses-eaux-merveilleuses\/#breadcrumb\",\"itemListElement\":[{\"@type\":\"ListItem\",\"position\":1,\"name\":\"Home\",\"item\":\"https:\/\/ticinoate.ch\/fr\/\"},{\"@type\":\"ListItem\",\"position\":2,\"name\":\"Eventi\",\"item\":\"https:\/\/ticinoate.ch\/events\/\"},{\"@type\":\"ListItem\",\"position\":3,\"name\":\"Le Val Verzasca et ses eaux merveilleuses\"}]},{\"@type\":\"WebSite\",\"@id\":\"https:\/\/ticinoate.ch\/#website\",\"url\":\"https:\/\/ticinoate.ch\/\",\"name\":\"Ticino a Te\",\"description\":\"nostrano e genuino\",\"publisher\":{\"@id\":\"https:\/\/ticinoate.ch\/#organization\"},\"potentialAction\":[{\"@type\":\"SearchAction\",\"target\":{\"@type\":\"EntryPoint\",\"urlTemplate\":\"https:\/\/ticinoate.ch\/?s={search_term_string}\"},\"query-input\":{\"@type\":\"PropertyValueSpecification\",\"valueRequired\":true,\"valueName\":\"search_term_string\"}}],\"inLanguage\":\"fr-FR\"},{\"@type\":\"Organization\",\"@id\":\"https:\/\/ticinoate.ch\/#organization\",\"name\":\"ticinoate\",\"url\":\"https:\/\/ticinoate.ch\/\",\"logo\":{\"@type\":\"ImageObject\",\"inLanguage\":\"fr-FR\",\"@id\":\"https:\/\/ticinoate.ch\/#\/schema\/logo\/image\/\",\"url\":\"https:\/\/ticinoate.ch\/wp-content\/uploads\/2022\/05\/ticinoate_logo.svg\",\"contentUrl\":\"https:\/\/ticinoate.ch\/wp-content\/uploads\/2022\/05\/ticinoate_logo.svg\",\"width\":\"1024\",\"height\":\"1024\",\"caption\":\"ticinoate\"},\"image\":{\"@id\":\"https:\/\/ticinoate.ch\/#\/schema\/logo\/image\/\"},\"sameAs\":[\"https:\/\/www.facebook.com\/ticinoate\/\",\"https:\/\/www.instagram.com\/ticinoate\/?hl=it\"]}]}<\/script>\n<!-- \/ Yoast SEO plugin. -->","yoast_head_json":{"title":"Le Val Verzasca et ses eaux merveilleuses &#187; ticinoate.ch","robots":{"index":"index","follow":"follow","max-snippet":"max-snippet:-1","max-image-preview":"max-image-preview:large","max-video-preview":"max-video-preview:-1"},"canonical":"https:\/\/ticinoate.ch\/fr\/events\/le-val-verzasca-et-ses-eaux-merveilleuses\/","og_locale":"fr_FR","og_type":"article","og_title":"Le Val Verzasca et ses eaux merveilleuses &#187; ticinoate.ch","og_description":"D\u00e9couvrons ensemble le Val Verzasca, l&rsquo;une des plus belles vall\u00e9es des Alpes du Sud, avec sa magnifique rivi\u00e8re de couleur turquoise. Rest\u00e9e isol\u00e9e pendant des si\u00e8cles en raison de son","og_url":"https:\/\/ticinoate.ch\/fr\/events\/le-val-verzasca-et-ses-eaux-merveilleuses\/","og_site_name":"ticinoate.ch","article_publisher":"https:\/\/www.facebook.com\/ticinoate\/","article_modified_time":"2026-04-24T12:43:25+00:00","og_image":[{"width":1200,"height":800,"url":"https:\/\/ticinoate.ch\/wp-content\/uploads\/2023\/04\/ticinoate_agriemozioni_Verzasca_2.jpg","type":"image\/jpeg"}],"twitter_card":"summary_large_image","twitter_misc":{"Dur\u00e9e de lecture estim\u00e9e":"2 minutes"},"schema":{"@context":"https:\/\/schema.org","@graph":[{"@type":"WebPage","@id":"https:\/\/ticinoate.ch\/fr\/events\/le-val-verzasca-et-ses-eaux-merveilleuses\/","url":"https:\/\/ticinoate.ch\/fr\/events\/le-val-verzasca-et-ses-eaux-merveilleuses\/","name":"Le Val Verzasca et ses eaux merveilleuses &#187; ticinoate.ch","isPartOf":{"@id":"https:\/\/ticinoate.ch\/#website"},"primaryImageOfPage":{"@id":"https:\/\/ticinoate.ch\/fr\/events\/le-val-verzasca-et-ses-eaux-merveilleuses\/#primaryimage"},"image":{"@id":"https:\/\/ticinoate.ch\/fr\/events\/le-val-verzasca-et-ses-eaux-merveilleuses\/#primaryimage"},"thumbnailUrl":"https:\/\/ticinoate.ch\/wp-content\/uploads\/2023\/04\/ticinoate_agriemozioni_Verzasca_2.jpg","datePublished":"2023-04-06T08:27:59+00:00","dateModified":"2026-04-24T12:43:25+00:00","breadcrumb":{"@id":"https:\/\/ticinoate.ch\/fr\/events\/le-val-verzasca-et-ses-eaux-merveilleuses\/#breadcrumb"},"inLanguage":"fr-FR","potentialAction":[{"@type":"ReadAction","target":["https:\/\/ticinoate.ch\/fr\/events\/le-val-verzasca-et-ses-eaux-merveilleuses\/"]}]},{"@type":"ImageObject","inLanguage":"fr-FR","@id":"https:\/\/ticinoate.ch\/fr\/events\/le-val-verzasca-et-ses-eaux-merveilleuses\/#primaryimage","url":"https:\/\/ticinoate.ch\/wp-content\/uploads\/2023\/04\/ticinoate_agriemozioni_Verzasca_2.jpg","contentUrl":"https:\/\/ticinoate.ch\/wp-content\/uploads\/2023\/04\/ticinoate_agriemozioni_Verzasca_2.jpg","width":1200,"height":800},{"@type":"BreadcrumbList","@id":"https:\/\/ticinoate.ch\/fr\/events\/le-val-verzasca-et-ses-eaux-merveilleuses\/#breadcrumb","itemListElement":[{"@type":"ListItem","position":1,"name":"Home","item":"https:\/\/ticinoate.ch\/fr\/"},{"@type":"ListItem","position":2,"name":"Eventi","item":"https:\/\/ticinoate.ch\/events\/"},{"@type":"ListItem","position":3,"name":"Le Val Verzasca et ses eaux merveilleuses"}]},{"@type":"WebSite","@id":"https:\/\/ticinoate.ch\/#website","url":"https:\/\/ticinoate.ch\/","name":"Ticino a Te","description":"nostrano e genuino","publisher":{"@id":"https:\/\/ticinoate.ch\/#organization"},"potentialAction":[{"@type":"SearchAction","target":{"@type":"EntryPoint","urlTemplate":"https:\/\/ticinoate.ch\/?s={search_term_string}"},"query-input":{"@type":"PropertyValueSpecification","valueRequired":true,"valueName":"search_term_string"}}],"inLanguage":"fr-FR"},{"@type":"Organization","@id":"https:\/\/ticinoate.ch\/#organization","name":"ticinoate","url":"https:\/\/ticinoate.ch\/","logo":{"@type":"ImageObject","inLanguage":"fr-FR","@id":"https:\/\/ticinoate.ch\/#\/schema\/logo\/image\/","url":"https:\/\/ticinoate.ch\/wp-content\/uploads\/2022\/05\/ticinoate_logo.svg","contentUrl":"https:\/\/ticinoate.ch\/wp-content\/uploads\/2022\/05\/ticinoate_logo.svg","width":"1024","height":"1024","caption":"ticinoate"},"image":{"@id":"https:\/\/ticinoate.ch\/#\/schema\/logo\/image\/"},"sameAs":["https:\/\/www.facebook.com\/ticinoate\/","https:\/\/www.instagram.com\/ticinoate\/?hl=it"]}]}},"_links":{"self":[{"href":"https:\/\/ticinoate.ch\/fr\/wp-json\/wp\/v2\/mec-events\/1686","targetHints":{"allow":["GET"]}}],"collection":[{"href":"https:\/\/ticinoate.ch\/fr\/wp-json\/wp\/v2\/mec-events"}],"about":[{"href":"https:\/\/ticinoate.ch\/fr\/wp-json\/wp\/v2\/types\/mec-events"}],"author":[{"embeddable":true,"href":"https:\/\/ticinoate.ch\/fr\/wp-json\/wp\/v2\/users\/1"}],"wp:featuredmedia":[{"embeddable":true,"href":"https:\/\/ticinoate.ch\/fr\/wp-json\/wp\/v2\/media\/1457"}],"wp:attachment":[{"href":"https:\/\/ticinoate.ch\/fr\/wp-json\/wp\/v2\/media?parent=1686"}],"wp:term":[{"taxonomy":"post_tag","embeddable":true,"href":"https:\/\/ticinoate.ch\/fr\/wp-json\/wp\/v2\/tags?post=1686"},{"taxonomy":"mec_category","embeddable":true,"href":"https:\/\/ticinoate.ch\/fr\/wp-json\/wp\/v2\/mec_category?post=1686"}],"curies":[{"name":"wp","href":"https:\/\/api.w.org\/{rel}","templated":true}]}}