{"id":2888,"date":"2024-11-25T08:57:33","date_gmt":"2024-11-25T08:57:33","guid":{"rendered":"https:\/\/ticinoate.ch\/?page_id=2888"},"modified":"2024-11-25T09:22:29","modified_gmt":"2024-11-25T09:22:29","slug":"il-ticino-ottiene-il-riconoscimento-cercle-regional-2024","status":"publish","type":"page","link":"https:\/\/ticinoate.ch\/en\/il-ticino-ottiene-il-riconoscimento-cercle-regional-2024\/","title":{"rendered":"Il Ticino ottiene il riconoscimento Cercle r\u00e9gional 2024"},"content":{"rendered":"<div class=\"wpb-content-wrapper\"><p>[vc_row css=&#8221;.vc_custom_1731053651873{padding-right: 20px !important;padding-left: 20px !important;}&#8221;][vc_column][vc_single_image image=&#8221;2901&#8243; img_size=&#8221;full&#8221; css=&#8221;&#8221;][\/vc_column][\/vc_row][vc_row][vc_column]<div class=\"dfd-spacer-module\"  data-units=\"px\" data-wide_resolution=\"1280\" data-wide_size=\"80\" data-normal_resolution=\"1024\" data-normal_size=\"80\" data-tablet_resolution=\"800\" data-tablet_size=\"60\" data-mobile_resolution=\"480\" data-mobile_size=\"60\" style=\"height: 80px;\"><\/div>[\/vc_column][\/vc_row][vc_row css=&#8221;.vc_custom_1652964380719{padding-right: 20px !important;padding-left: 20px !important;}&#8221;][vc_column width=&#8221;2\/3&#8243; dfd_column_responsive_enable=&#8221;dfd-column-responsive-enable&#8221; css=&#8221;.vc_custom_1652966774145{padding-right: 40px !important;}&#8221; col_shadow=&#8221;box_shadow_enable:disable|shadow_horizontal:0|shadow_vertical:15|shadow_blur:50|shadow_spread:0|box_shadow_color:rgba(0%2C0%2C0%2C.35)&#8221; col_shadow_hover=&#8221;box_shadow_enable:disable|shadow_horizontal:0|shadow_vertical:15|shadow_blur:50|shadow_spread:0|box_shadow_color:rgba(0%2C0%2C0%2C.35)&#8221; responsive_styles=&#8221;padding_right_mobile:0&#8243;]<div class=\"dfd-heading-shortcode\"><div class=\"dfd-heading-module-wrap  text-left style_01 dfd-heading-69ef7b533a057 dfd-disable-resposive-headings\" id=\"dfd-heading-69ef7b533a057\" ><div class=\"inline-block\"><div class=\"dfd-heading-module\"><h1 class=\"widget-title dfd-title \" style=\"\"><span style=\"color: #108f39;\"><strong>Il Ticino<\/strong> <\/span>ottiene il riconoscimento Cercle r\u00e9gional 2024<\/h1><\/div><\/div><\/div><script type=\"text\/javascript\">\r\n\t\t\t\t\t\t\t\t\t(function($) {\r\n\t\t\t\t\t\t\t\t\t\t$(\"head\").append(\"<style>.dfd-heading-69ef7b533a057 .dfd-heading-module .widget-title {margin-bottom:15px;}.dfd-heading-69ef7b533a057.dfd-heading-module-wrap .dfd-heading-module .dfd-heading-delimiter {margin-top:10px;margin-bottom:10px;}@media (max-width: 1279px) and (min-width: 1024px){.dfd-heading-69ef7b533a057 .dfd-title{font-size: 40px !important;line-height: 48px !important;}}@media (max-width: 1023px) and (min-width: 800px){.dfd-heading-69ef7b533a057 .dfd-title{font-size: 35px !important;line-height: 43px !important;}}@media (max-width: 799px){.dfd-heading-69ef7b533a057 .dfd-title{font-size: 30px !important;line-height: 37px !important;}}<\/style>\");\r\n\t\t\t\t\t\t\t\t\t})(jQuery);\r\n\t\t\t\t\t\t\t\t<\/script><\/div>[vc_column_text css=&#8221;.vc_custom_1732524740507{padding-bottom: 60px !important;}&#8221;]Venerd\u00ec 8 novembre, al forum Alp\u201924 di Stans, la Segreteria di Stato dell\u2019economia (SECO) e l\u2019Ufficio federale dell\u2019agricoltura (UFAG) hanno assegnato il riconoscimento Cercle r\u00e9gional, che premia lo sviluppo di catene di valore regionali. Il Ticino \u00e8 stato premiato per due progetti innovativi: \u00ab<strong>Ticino a Te<\/strong>\u00bb e \u00ab<strong>Ticino a tavola<\/strong>\u00bb, che promuovono l\u2019uso di prodotti agroalimentari regionali nella ristorazione e nell\u2019ospitalit\u00e0 locale, creando cos\u00ec catene di valore per la regione a sostegno di uno sviluppo sostenibile.<\/p>\n<p>L\u2019evento, tenutosi presso il Culinarium Alpinum di Stans, ha visto la partecipazione di rappresentanti delle regioni alpine di diversi Paesi. Il programma includeva interventi sulle catene di valore regionali, la conservazione del patrimonio alimentare alpino, workshop tematici e momenti di confronto. Il pranzo a buffet ha offerto specialit\u00e0 locali, evidenziando le tradizioni culinarie alpine.[\/vc_column_text][\/vc_column][vc_column width=&#8221;1\/3&#8243; dfd_column_responsive_enable=&#8221;dfd-column-responsive-enable&#8221; css=&#8221;.vc_custom_1730296823300{padding-left: 120px !important;}&#8221; col_shadow=&#8221;box_shadow_enable:disable|shadow_horizontal:0|shadow_vertical:15|shadow_blur:50|shadow_spread:0|box_shadow_color:rgba(0%2C0%2C0%2C.35)&#8221; col_shadow_hover=&#8221;box_shadow_enable:disable|shadow_horizontal:0|shadow_vertical:15|shadow_blur:50|shadow_spread:0|box_shadow_color:rgba(0%2C0%2C0%2C.35)&#8221; responsive_styles=&#8221;padding_left_desktop:100|padding_left_tablet:80|padding_top_mobile:40|padding_left_mobile:160&#8243;]<div class=\"dfd-heading-shortcode\"><div class=\"dfd-heading-module-wrap  text-left style_01 dfd-heading-69ef7b533a26c dfd-disable-resposive-headings\" id=\"dfd-heading-69ef7b533a26c\" ><div class=\"inline-block\"><div class=\"dfd-heading-module\"><h3 class=\"widget-title dfd-title \" style=\"color: #108f39 !important; \">Regioni candidate al premio<\/h3><\/div><\/div><\/div><script type=\"text\/javascript\">\r\n\t\t\t\t\t\t\t\t\t(function($) {\r\n\t\t\t\t\t\t\t\t\t\t$(\"head\").append(\"<style>.dfd-heading-69ef7b533a26c .dfd-heading-module .widget-title {margin-bottom:10px;}.dfd-heading-69ef7b533a26c.dfd-heading-module-wrap .dfd-heading-module .dfd-heading-delimiter {margin-top:10px;margin-bottom:10px;}@media (max-width: 1023px) and (min-width: 800px){.dfd-heading-69ef7b533a26c .dfd-title{font-size: 18px !important;line-height: 25px !important;}}@media (max-width: 799px){.dfd-heading-69ef7b533a26c .dfd-title{font-size: 17px !important;line-height: 24px !important;}}<\/style>\");\r\n\t\t\t\t\t\t\t\t\t})(jQuery);\r\n\t\t\t\t\t\t\t\t<\/script><\/div><div id=\"dfd-icon-list-69ef7b533a3ff-5479\" class=\"dfd-icon-list-wrap  del-full-width style-2  \" ><ul class=\"dfd-icon-list\"><li class=\"\"><div class=\"dfd-list-content clearfix \" style=\"padding:10px 0;\"><div class=\"dfd-list-icon-block text-center\" style=\"margin-right:10px;color:#525252; font-size:18px; width:18px; height:18px; \"><i class = \"dfd-icon-right_1 dfd_icon_set-icon-right_1\"><\/i><\/div><div class=\"dfd-list-content-block content\"><strong>Argovia<\/strong> (Aargau isch fein, Genuss-Strasse Jurapark, Foodlabor)<\/div><\/div><span class=\"dfd-icon-item-delimiter\" style=\"border-bottom-width:1px; border-style:solid; border-color:#525252; \"><\/span><\/li><li class=\"\"><div class=\"dfd-list-content clearfix \" style=\"padding:10px 0;\"><div class=\"dfd-list-icon-block text-center\" style=\"margin-right:10px;color:#525252; font-size:18px; width:18px; height:18px; \"><i class = \"dfd-icon-right_1 dfd_icon_set-icon-right_1\"><\/i><\/div><div class=\"dfd-list-content-block content\"><strong>Friburgo<\/strong> (Terroir Fribourg, Cuisinons notre r\u00e9gion, Platforme de-saison.ch)<\/div><\/div><span class=\"dfd-icon-item-delimiter\" style=\"border-bottom-width:1px; border-style:solid; border-color:#525252; \"><\/span><\/li><li class=\"\"><div class=\"dfd-list-content clearfix \" style=\"padding:10px 0;\"><div class=\"dfd-list-icon-block text-center\" style=\"margin-right:10px;color:#525252; font-size:18px; width:18px; height:18px; \"><i class = \"dfd-icon-right_1 dfd_icon_set-icon-right_1\"><\/i><\/div><div class=\"dfd-list-content-block content\"><strong>Ticino con il Centro di Competenze Agroalimentari<\/strong> (Ticino a Te, Ticino a tavola)<\/div><\/div><span class=\"dfd-icon-item-delimiter\" style=\"border-bottom-width:1px; border-style:solid; border-color:#525252; \"><\/span><\/li><\/ul><\/div><script type=\"text\/javascript\">(function($) {$(\"head\").append(\"<style>#dfd-icon-list-69ef7b533a3ff-5479 .dfd-icon-list .content {style=&quot;font-size: 16px; font-family: EuclidCircularARegular; color: #525252 !important; line-height: 22px; letter-spacing: 0px; &quot;}#dfd-icon-list-69ef7b533a3ff-5479 .dfd-icon-list li.with-link:hover .dfd-list-content .dfd-list-content-block {color: #ffffff !important; }<\/style>\");})(jQuery);<\/script>[\/vc_column][\/vc_row][vc_row][vc_column]<div class=\"dfd-spacer-module\"  data-units=\"px\" data-wide_resolution=\"1280\" data-wide_size=\"150\" data-normal_resolution=\"1024\" data-normal_size=\"150\" data-tablet_resolution=\"800\" data-tablet_size=\"100\" data-mobile_resolution=\"480\" data-mobile_size=\"100\" style=\"height: 150px;\"><\/div>[\/vc_column][\/vc_row][vc_row force_equal_height_columns=&#8221;main_row&#8221; dfd_row_config=&#8221;full_width_content&#8221; mobile_destroy_equal_heights=&#8221;yes&#8221;][vc_column width=&#8221;1\/3&#8243; css=&#8221;.vc_custom_1732525006003{background-image: url(https:\/\/ticinoate.ch\/wp-content\/uploads\/2024\/11\/ticinoate_rconoscimento_cercle_regional2.jpg?id=2904) !important;background-position: center !important;background-repeat: no-repeat !important;background-size: cover !important;}&#8221; col_shadow=&#8221;box_shadow_enable:disable|shadow_horizontal:0|shadow_vertical:15|shadow_blur:50|shadow_spread:0|box_shadow_color:rgba(0%2C0%2C0%2C.35)&#8221; col_shadow_hover=&#8221;box_shadow_enable:disable|shadow_horizontal:0|shadow_vertical:15|shadow_blur:50|shadow_spread:0|box_shadow_color:rgba(0%2C0%2C0%2C.35)&#8221;]<div class=\"dfd-spacer-module\"  data-units=\"px\" data-wide_resolution=\"1280\" data-wide_size=\"\" data-normal_resolution=\"1024\" data-normal_size=\"\" data-tablet_resolution=\"800\" data-tablet_size=\"\" data-mobile_resolution=\"480\" data-mobile_size=\"400\" style=\"height: px;\"><\/div>[\/vc_column][vc_column width=&#8221;2\/3&#8243; dfd_column_responsive_enable=&#8221;dfd-column-responsive-enable&#8221; css=&#8221;.vc_custom_1654634036336{padding-top: 80px !important;padding-right: 100px !important;padding-bottom: 80px !important;padding-left: 100px !important;background-color: #efefef !important;}&#8221; col_shadow=&#8221;box_shadow_enable:disable|shadow_horizontal:0|shadow_vertical:15|shadow_blur:50|shadow_spread:0|box_shadow_color:rgba(0%2C0%2C0%2C.35)&#8221; col_shadow_hover=&#8221;box_shadow_enable:disable|shadow_horizontal:0|shadow_vertical:15|shadow_blur:50|shadow_spread:0|box_shadow_color:rgba(0%2C0%2C0%2C.35)&#8221; responsive_styles=&#8221;padding_top_desktop:80|padding_bottom_desktop:80|padding_left_desktop:40|padding_right_desktop:40|padding_top_tablet:80|padding_bottom_tablet:80|padding_left_tablet:20|padding_right_tablet:20|padding_top_mobile:60|padding_bottom_mobile:60|padding_left_mobile:20|padding_right_mobile:20&#8243;]<div class=\"dfd-heading-shortcode\"><div class=\"dfd-heading-module-wrap  text-left style_01 dfd-heading-69ef7b533a786 dfd-disable-resposive-headings\" id=\"dfd-heading-69ef7b533a786\" ><div class=\"inline-block\"><div class=\"dfd-heading-module\"><h3 class=\"widget-title dfd-title \" style=\"color: #108f39 !important; \">Ticino a tavola<\/h3><\/div><\/div><\/div><script type=\"text\/javascript\">\r\n\t\t\t\t\t\t\t\t\t(function($) {\r\n\t\t\t\t\t\t\t\t\t\t$(\"head\").append(\"<style>.dfd-heading-69ef7b533a786 .dfd-heading-module .widget-title {margin-bottom:10px;}.dfd-heading-69ef7b533a786.dfd-heading-module-wrap .dfd-heading-module .dfd-heading-delimiter {margin-top:10px;margin-bottom:10px;}@media (max-width: 1023px) and (min-width: 800px){.dfd-heading-69ef7b533a786 .dfd-title{font-size: 18px !important;line-height: 25px !important;}}@media (max-width: 799px){.dfd-heading-69ef7b533a786 .dfd-title{font-size: 17px !important;line-height: 24px !important;}}<\/style>\");\r\n\t\t\t\t\t\t\t\t\t})(jQuery);\r\n\t\t\t\t\t\t\t\t<\/script><\/div><div class=\"dfd-heading-shortcode\"><div class=\"dfd-heading-module-wrap  text-left style_01 dfd-heading-69ef7b533a90b dfd-disable-resposive-headings\" id=\"dfd-heading-69ef7b533a90b\" ><div class=\"inline-block\"><div class=\"dfd-heading-module\"><h2 class=\"widget-title dfd-title \" style=\"\">\u00c8 un\u2019iniziativa nata dalla collaborazione tra CCAT e GastroTicino per valorizzare i prodotti agroalimentari ticinesi e i ristoranti che li utilizzano. I ristoratori aderenti si impegnano a proporre almeno un men\u00f9 con tre portate o quattro piatti composti per almeno il 60% da prodotti ticinesi.<\/h2><\/div><\/div><\/div><script type=\"text\/javascript\">\r\n\t\t\t\t\t\t\t\t\t(function($) {\r\n\t\t\t\t\t\t\t\t\t\t$(\"head\").append(\"<style>.dfd-heading-69ef7b533a90b .dfd-heading-module .widget-title {margin-bottom:40px;}.dfd-heading-69ef7b533a90b.dfd-heading-module-wrap .dfd-heading-module .dfd-heading-delimiter {margin-top:10px;margin-bottom:10px;}@media (max-width: 1279px) and (min-width: 1024px){.dfd-heading-69ef7b533a90b .dfd-title{font-size: 40px !important;line-height: 48px !important;}}@media (max-width: 1023px) and (min-width: 800px){.dfd-heading-69ef7b533a90b .dfd-title{font-size: 35px !important;line-height: 43px !important;}}@media (max-width: 799px){.dfd-heading-69ef7b533a90b .dfd-title{font-size: 30px !important;line-height: 37px !important;}}<\/style>\");\r\n\t\t\t\t\t\t\t\t\t})(jQuery);\r\n\t\t\t\t\t\t\t\t<\/script><\/div><div class=\"dfd-heading-shortcode\"><div class=\"dfd-heading-module-wrap  text-left style_01 dfd-heading-69ef7b533aa77 dfd-disable-resposive-headings\" id=\"dfd-heading-69ef7b533aa77\" ><div class=\"inline-block\"><div class=\"dfd-heading-module\"><h3 class=\"widget-title dfd-title \" style=\"color: #108f39 !important; \">Ticino a te<\/h3><\/div><\/div><\/div><script type=\"text\/javascript\">\r\n\t\t\t\t\t\t\t\t\t(function($) {\r\n\t\t\t\t\t\t\t\t\t\t$(\"head\").append(\"<style>.dfd-heading-69ef7b533aa77 .dfd-heading-module .widget-title {margin-top:40px;margin-bottom:10px;}.dfd-heading-69ef7b533aa77.dfd-heading-module-wrap .dfd-heading-module .dfd-heading-delimiter {margin-top:10px;margin-bottom:10px;}@media (max-width: 1023px) and (min-width: 800px){.dfd-heading-69ef7b533aa77 .dfd-title{font-size: 18px !important;line-height: 25px !important;}}@media (max-width: 799px){.dfd-heading-69ef7b533aa77 .dfd-title{font-size: 17px !important;line-height: 24px !important;}}<\/style>\");\r\n\t\t\t\t\t\t\t\t\t})(jQuery);\r\n\t\t\t\t\t\t\t\t<\/script><\/div><div class=\"dfd-heading-shortcode\"><div class=\"dfd-heading-module-wrap  text-left style_01 dfd-heading-69ef7b533abc2 dfd-disable-resposive-headings\" id=\"dfd-heading-69ef7b533abc2\" ><div class=\"inline-block\"><div class=\"dfd-heading-module\"><h2 class=\"widget-title dfd-title \" style=\"\">Gestisce una rete virtuale con informazioni su produttori e prodotti, una rete di negozi fisici, e promuove il marchio Ticino \u2013 regio.garantie. L\u2019iniziativa punta su una stretta collaborazione con il settore turistico, come p.es. le <a href=\"https:\/\/ticinoate.ch\/en\/agriesperienze\/\">agriesperienze.<\/a><\/h2><\/div><\/div><\/div><script type=\"text\/javascript\">\r\n\t\t\t\t\t\t\t\t\t(function($) {\r\n\t\t\t\t\t\t\t\t\t\t$(\"head\").append(\"<style>.dfd-heading-69ef7b533abc2 .dfd-heading-module .widget-title {margin-bottom:40px;}.dfd-heading-69ef7b533abc2.dfd-heading-module-wrap .dfd-heading-module .dfd-heading-delimiter {margin-top:10px;margin-bottom:10px;}@media (max-width: 1279px) and (min-width: 1024px){.dfd-heading-69ef7b533abc2 .dfd-title{font-size: 40px !important;line-height: 48px !important;}}@media (max-width: 1023px) and (min-width: 800px){.dfd-heading-69ef7b533abc2 .dfd-title{font-size: 35px !important;line-height: 43px !important;}}@media (max-width: 799px){.dfd-heading-69ef7b533abc2 .dfd-title{font-size: 30px !important;line-height: 37px !important;}}<\/style>\");\r\n\t\t\t\t\t\t\t\t\t})(jQuery);\r\n\t\t\t\t\t\t\t\t<\/script><\/div>[\/vc_column][\/vc_row][vc_row][vc_column]<div class=\"dfd-spacer-module\"  data-units=\"px\" data-wide_resolution=\"1280\" data-wide_size=\"150\" data-normal_resolution=\"1024\" data-normal_size=\"150\" data-tablet_resolution=\"800\" data-tablet_size=\"100\" data-mobile_resolution=\"480\" data-mobile_size=\"100\" style=\"height: 150px;\"><\/div>[\/vc_column][\/vc_row][vc_row css=&#8221;.vc_custom_1730296766197{padding-right: 40px !important;padding-bottom: 100px !important;padding-left: 40px !important;}&#8221;][vc_column dfd_column_responsive_enable=&#8221;dfd-column-responsive-enable&#8221; css=&#8221;.vc_custom_1652966774145{padding-right: 40px !important;}&#8221; col_shadow=&#8221;box_shadow_enable:disable|shadow_horizontal:0|shadow_vertical:15|shadow_blur:50|shadow_spread:0|box_shadow_color:rgba(0%2C0%2C0%2C.35)&#8221; col_shadow_hover=&#8221;box_shadow_enable:disable|shadow_horizontal:0|shadow_vertical:15|shadow_blur:50|shadow_spread:0|box_shadow_color:rgba(0%2C0%2C0%2C.35)&#8221; responsive_styles=&#8221;padding_right_mobile:0&#8243;][vc_row_inner][vc_column_inner css=&#8221;.vc_custom_1654527206181{border-left-width: 3px !important;padding-left: 20px !important;border-left-color: #108f39 !important;border-left-style: solid !important;}&#8221; col_inner_shadow=&#8221;box_shadow_enable:disable|shadow_horizontal:0|shadow_vertical:15|shadow_blur:50|shadow_spread:0|box_shadow_color:rgba(0%2C0%2C0%2C.35)&#8221; col_inner_shadow_hover=&#8221;box_shadow_enable:disable|shadow_horizontal:0|shadow_vertical:15|shadow_blur:50|shadow_spread:0|box_shadow_color:rgba(0%2C0%2C0%2C.35)&#8221;]<div class=\"dfd-heading-shortcode\"><div class=\"dfd-heading-module-wrap  text-left style_01 dfd-heading-69ef7b533ad8b dfd-disable-resposive-headings\" id=\"dfd-heading-69ef7b533ad8b\" ><div class=\"inline-block\"><div class=\"dfd-heading-module\"><h2 class=\"widget-title dfd-title \" style=\"color: #108f39 !important; \">\u201cTicino a Te dimostra che anche i progetti con un budget limitato possono crescere e contribuire attivamente allo sviluppo regionale.\u201d<\/h2><\/div><\/div><\/div><script type=\"text\/javascript\">\r\n\t\t\t\t\t\t\t\t\t(function($) {\r\n\t\t\t\t\t\t\t\t\t\t$(\"head\").append(\"<style>.dfd-heading-69ef7b533ad8b.dfd-heading-module-wrap .dfd-heading-module .dfd-heading-delimiter {margin-top:10px;margin-bottom:10px;}@media (max-width: 1279px) and (min-width: 1024px){.dfd-heading-69ef7b533ad8b .dfd-title{font-size: 40px !important;line-height: 48px !important;}}@media (max-width: 1023px) and (min-width: 800px){.dfd-heading-69ef7b533ad8b .dfd-title{font-size: 35px !important;line-height: 43px !important;}}@media (max-width: 799px){.dfd-heading-69ef7b533ad8b .dfd-title{font-size: 30px !important;line-height: 37px !important;}}<\/style>\");\r\n\t\t\t\t\t\t\t\t\t})(jQuery);\r\n\t\t\t\t\t\t\t\t<\/script><\/div>[\/vc_column_inner][\/vc_row_inner][vc_column_text css=&#8221;.vc_custom_1732525050809{padding-top: 30px !important;}&#8221;]<\/p>\n<p style=\"text-align: right;\"><span style=\"color: #108f39;\"><em><strong>Sara Moser<br \/>\n<\/strong>responsabile dell\u2019innovazione e dello sviluppo di HotellerieSuisse<strong><br \/>\n<\/strong><\/em><\/span><\/p>\n<p>[\/vc_column_text][\/vc_column][\/vc_row][vc_row][vc_column]<div class=\"dfd-spacer-module\"  data-units=\"px\" data-wide_resolution=\"1280\" data-wide_size=\"150\" data-normal_resolution=\"1024\" data-normal_size=\"150\" data-tablet_resolution=\"800\" data-tablet_size=\"100\" data-mobile_resolution=\"480\" data-mobile_size=\"100\" style=\"height: 150px;\"><\/div>[\/vc_column][\/vc_row]<\/p>\n<\/div>","protected":false},"excerpt":{"rendered":"<p>[vc_row css=&#8221;.vc_custom_1731053651873{padding-right: 20px !important;padding-left: 20px !important;}&#8221;][vc_column][vc_single_image image=&#8221;2901&#8243; img_size=&#8221;full&#8221; css=&#8221;&#8221;][\/vc_column][\/vc_row][vc_row][vc_column][\/vc_column][\/vc_row][vc_row css=&#8221;.vc_custom_1652964380719{padding-right: 20px !important;padding-left: 20px !important;}&#8221;][vc_column width=&#8221;2\/3&#8243; dfd_column_responsive_enable=&#8221;dfd-column-responsive-enable&#8221; css=&#8221;.vc_custom_1652966774145{padding-right: 40px !important;}&#8221; col_shadow=&#8221;box_shadow_enable:disable|shadow_horizontal:0|shadow_vertical:15|shadow_blur:50|shadow_spread:0|box_shadow_color:rgba(0%2C0%2C0%2C.35)&#8221; col_shadow_hover=&#8221;box_shadow_enable:disable|shadow_horizontal:0|shadow_vertical:15|shadow_blur:50|shadow_spread:0|box_shadow_color:rgba(0%2C0%2C0%2C.35)&#8221; responsive_styles=&#8221;padding_right_mobile:0&#8243;][vc_column_text css=&#8221;.vc_custom_1732524740507{padding-bottom: 60px !important;}&#8221;]Venerd\u00ec 8 novembre, al forum Alp\u201924<\/p>\n","protected":false},"author":1,"featured_media":0,"parent":0,"menu_order":0,"comment_status":"closed","ping_status":"closed","template":"page-custom.php","meta":{"inline_featured_image":false,"footnotes":""},"class_list":["post-2888","page","type-page","status-publish","hentry"],"yoast_head":"<!-- This site is optimized with the Yoast SEO plugin v26.0 - https:\/\/yoast.com\/wordpress\/plugins\/seo\/ -->\n<title>Il Ticino ottiene il riconoscimento Cercle r\u00e9gional 2024 &#187; Ticino a Te<\/title>\n<meta name=\"description\" content=\"Cercle r\u00e9gional 2024. Il Ticino \u00e8 stato premiato per due progetti innovativi: \u00abTicino a Te\u00bb e \u00abTicino a tavola\u00bb, che promuovono...\" \/>\n<meta name=\"robots\" content=\"index, follow, max-snippet:-1, max-image-preview:large, max-video-preview:-1\" \/>\n<link rel=\"canonical\" href=\"https:\/\/ticinoate.ch\/en\/il-ticino-ottiene-il-riconoscimento-cercle-regional-2024\/\" \/>\n<meta property=\"og:locale\" content=\"en_US\" \/>\n<meta property=\"og:type\" content=\"article\" \/>\n<meta property=\"og:title\" content=\"Il Ticino ottiene il riconoscimento Cercle r\u00e9gional 2024 &#187; Ticino a Te\" \/>\n<meta property=\"og:description\" content=\"Cercle r\u00e9gional 2024. Il Ticino \u00e8 stato premiato per due progetti innovativi: \u00abTicino a Te\u00bb e \u00abTicino a tavola\u00bb, che promuovono...\" \/>\n<meta property=\"og:url\" content=\"https:\/\/ticinoate.ch\/en\/il-ticino-ottiene-il-riconoscimento-cercle-regional-2024\/\" \/>\n<meta property=\"og:site_name\" content=\"Ticino a Te\" \/>\n<meta property=\"article:publisher\" content=\"https:\/\/www.facebook.com\/ticinoate\/\" \/>\n<meta property=\"article:modified_time\" content=\"2024-11-25T09:22:29+00:00\" \/>\n<meta name=\"twitter:card\" content=\"summary_large_image\" \/>\n<meta name=\"twitter:label1\" content=\"Est. reading time\" \/>\n\t<meta name=\"twitter:data1\" content=\"7 minutes\" \/>\n<script type=\"application\/ld+json\" class=\"yoast-schema-graph\">{\"@context\":\"https:\/\/schema.org\",\"@graph\":[{\"@type\":\"WebPage\",\"@id\":\"https:\/\/ticinoate.ch\/en\/il-ticino-ottiene-il-riconoscimento-cercle-regional-2024\/\",\"url\":\"https:\/\/ticinoate.ch\/en\/il-ticino-ottiene-il-riconoscimento-cercle-regional-2024\/\",\"name\":\"Il Ticino ottiene il riconoscimento Cercle r\u00e9gional 2024 &#187; Ticino a Te\",\"isPartOf\":{\"@id\":\"https:\/\/ticinoate.ch\/#website\"},\"datePublished\":\"2024-11-25T08:57:33+00:00\",\"dateModified\":\"2024-11-25T09:22:29+00:00\",\"description\":\"Cercle r\u00e9gional 2024. Il Ticino \u00e8 stato premiato per due progetti innovativi: \u00abTicino a Te\u00bb e \u00abTicino a tavola\u00bb, che promuovono...\",\"breadcrumb\":{\"@id\":\"https:\/\/ticinoate.ch\/en\/il-ticino-ottiene-il-riconoscimento-cercle-regional-2024\/#breadcrumb\"},\"inLanguage\":\"en-US\",\"potentialAction\":[{\"@type\":\"ReadAction\",\"target\":[\"https:\/\/ticinoate.ch\/en\/il-ticino-ottiene-il-riconoscimento-cercle-regional-2024\/\"]}]},{\"@type\":\"BreadcrumbList\",\"@id\":\"https:\/\/ticinoate.ch\/en\/il-ticino-ottiene-il-riconoscimento-cercle-regional-2024\/#breadcrumb\",\"itemListElement\":[{\"@type\":\"ListItem\",\"position\":1,\"name\":\"Home\",\"item\":\"https:\/\/ticinoate.ch\/en\/\"},{\"@type\":\"ListItem\",\"position\":2,\"name\":\"Il Ticino ottiene il riconoscimento Cercle r\u00e9gional 2024\"}]},{\"@type\":\"WebSite\",\"@id\":\"https:\/\/ticinoate.ch\/#website\",\"url\":\"https:\/\/ticinoate.ch\/\",\"name\":\"Ticino a Te\",\"description\":\"nostrano e genuino\",\"publisher\":{\"@id\":\"https:\/\/ticinoate.ch\/#organization\"},\"potentialAction\":[{\"@type\":\"SearchAction\",\"target\":{\"@type\":\"EntryPoint\",\"urlTemplate\":\"https:\/\/ticinoate.ch\/?s={search_term_string}\"},\"query-input\":{\"@type\":\"PropertyValueSpecification\",\"valueRequired\":true,\"valueName\":\"search_term_string\"}}],\"inLanguage\":\"en-US\"},{\"@type\":\"Organization\",\"@id\":\"https:\/\/ticinoate.ch\/#organization\",\"name\":\"ticinoate\",\"url\":\"https:\/\/ticinoate.ch\/\",\"logo\":{\"@type\":\"ImageObject\",\"inLanguage\":\"en-US\",\"@id\":\"https:\/\/ticinoate.ch\/#\/schema\/logo\/image\/\",\"url\":\"https:\/\/ticinoate.ch\/wp-content\/uploads\/2022\/05\/ticinoate_logo.svg\",\"contentUrl\":\"https:\/\/ticinoate.ch\/wp-content\/uploads\/2022\/05\/ticinoate_logo.svg\",\"width\":\"1024\",\"height\":\"1024\",\"caption\":\"ticinoate\"},\"image\":{\"@id\":\"https:\/\/ticinoate.ch\/#\/schema\/logo\/image\/\"},\"sameAs\":[\"https:\/\/www.facebook.com\/ticinoate\/\",\"https:\/\/www.instagram.com\/ticinoate\/?hl=it\"]}]}<\/script>\n<!-- \/ Yoast SEO plugin. -->","yoast_head_json":{"title":"Il Ticino ottiene il riconoscimento Cercle r\u00e9gional 2024 &#187; Ticino a Te","description":"Cercle r\u00e9gional 2024. Il Ticino \u00e8 stato premiato per due progetti innovativi: \u00abTicino a Te\u00bb e \u00abTicino a tavola\u00bb, che promuovono...","robots":{"index":"index","follow":"follow","max-snippet":"max-snippet:-1","max-image-preview":"max-image-preview:large","max-video-preview":"max-video-preview:-1"},"canonical":"https:\/\/ticinoate.ch\/en\/il-ticino-ottiene-il-riconoscimento-cercle-regional-2024\/","og_locale":"en_US","og_type":"article","og_title":"Il Ticino ottiene il riconoscimento Cercle r\u00e9gional 2024 &#187; Ticino a Te","og_description":"Cercle r\u00e9gional 2024. Il Ticino \u00e8 stato premiato per due progetti innovativi: \u00abTicino a Te\u00bb e \u00abTicino a tavola\u00bb, che promuovono...","og_url":"https:\/\/ticinoate.ch\/en\/il-ticino-ottiene-il-riconoscimento-cercle-regional-2024\/","og_site_name":"Ticino a Te","article_publisher":"https:\/\/www.facebook.com\/ticinoate\/","article_modified_time":"2024-11-25T09:22:29+00:00","twitter_card":"summary_large_image","twitter_misc":{"Est. reading time":"7 minutes"},"schema":{"@context":"https:\/\/schema.org","@graph":[{"@type":"WebPage","@id":"https:\/\/ticinoate.ch\/en\/il-ticino-ottiene-il-riconoscimento-cercle-regional-2024\/","url":"https:\/\/ticinoate.ch\/en\/il-ticino-ottiene-il-riconoscimento-cercle-regional-2024\/","name":"Il Ticino ottiene il riconoscimento Cercle r\u00e9gional 2024 &#187; Ticino a Te","isPartOf":{"@id":"https:\/\/ticinoate.ch\/#website"},"datePublished":"2024-11-25T08:57:33+00:00","dateModified":"2024-11-25T09:22:29+00:00","description":"Cercle r\u00e9gional 2024. Il Ticino \u00e8 stato premiato per due progetti innovativi: \u00abTicino a Te\u00bb e \u00abTicino a tavola\u00bb, che promuovono...","breadcrumb":{"@id":"https:\/\/ticinoate.ch\/en\/il-ticino-ottiene-il-riconoscimento-cercle-regional-2024\/#breadcrumb"},"inLanguage":"en-US","potentialAction":[{"@type":"ReadAction","target":["https:\/\/ticinoate.ch\/en\/il-ticino-ottiene-il-riconoscimento-cercle-regional-2024\/"]}]},{"@type":"BreadcrumbList","@id":"https:\/\/ticinoate.ch\/en\/il-ticino-ottiene-il-riconoscimento-cercle-regional-2024\/#breadcrumb","itemListElement":[{"@type":"ListItem","position":1,"name":"Home","item":"https:\/\/ticinoate.ch\/en\/"},{"@type":"ListItem","position":2,"name":"Il Ticino ottiene il riconoscimento Cercle r\u00e9gional 2024"}]},{"@type":"WebSite","@id":"https:\/\/ticinoate.ch\/#website","url":"https:\/\/ticinoate.ch\/","name":"Ticino a Te","description":"nostrano e genuino","publisher":{"@id":"https:\/\/ticinoate.ch\/#organization"},"potentialAction":[{"@type":"SearchAction","target":{"@type":"EntryPoint","urlTemplate":"https:\/\/ticinoate.ch\/?s={search_term_string}"},"query-input":{"@type":"PropertyValueSpecification","valueRequired":true,"valueName":"search_term_string"}}],"inLanguage":"en-US"},{"@type":"Organization","@id":"https:\/\/ticinoate.ch\/#organization","name":"ticinoate","url":"https:\/\/ticinoate.ch\/","logo":{"@type":"ImageObject","inLanguage":"en-US","@id":"https:\/\/ticinoate.ch\/#\/schema\/logo\/image\/","url":"https:\/\/ticinoate.ch\/wp-content\/uploads\/2022\/05\/ticinoate_logo.svg","contentUrl":"https:\/\/ticinoate.ch\/wp-content\/uploads\/2022\/05\/ticinoate_logo.svg","width":"1024","height":"1024","caption":"ticinoate"},"image":{"@id":"https:\/\/ticinoate.ch\/#\/schema\/logo\/image\/"},"sameAs":["https:\/\/www.facebook.com\/ticinoate\/","https:\/\/www.instagram.com\/ticinoate\/?hl=it"]}]}},"_links":{"self":[{"href":"https:\/\/ticinoate.ch\/en\/wp-json\/wp\/v2\/pages\/2888","targetHints":{"allow":["GET"]}}],"collection":[{"href":"https:\/\/ticinoate.ch\/en\/wp-json\/wp\/v2\/pages"}],"about":[{"href":"https:\/\/ticinoate.ch\/en\/wp-json\/wp\/v2\/types\/page"}],"author":[{"embeddable":true,"href":"https:\/\/ticinoate.ch\/en\/wp-json\/wp\/v2\/users\/1"}],"replies":[{"embeddable":true,"href":"https:\/\/ticinoate.ch\/en\/wp-json\/wp\/v2\/comments?post=2888"}],"version-history":[{"count":7,"href":"https:\/\/ticinoate.ch\/en\/wp-json\/wp\/v2\/pages\/2888\/revisions"}],"predecessor-version":[{"id":2938,"href":"https:\/\/ticinoate.ch\/en\/wp-json\/wp\/v2\/pages\/2888\/revisions\/2938"}],"wp:attachment":[{"href":"https:\/\/ticinoate.ch\/en\/wp-json\/wp\/v2\/media?parent=2888"}],"curies":[{"name":"wp","href":"https:\/\/api.w.org\/{rel}","templated":true}]}}