{"id":3268,"date":"2025-09-10T13:07:06","date_gmt":"2025-09-10T13:07:06","guid":{"rendered":"https:\/\/ticinoate.ch\/?post_type=mec-events&#038;p=3268"},"modified":"2025-09-19T11:20:13","modified_gmt":"2025-09-19T11:20:13","slug":"herbst","status":"publish","type":"mec-events","link":"https:\/\/ticinoate.ch\/de\/events\/herbst\/","title":{"rendered":"Agrieperienze d\u2019Autunno (Herbst-AgrarErlebnisse): Wo der Geschmack das Territorium erz\u00e4hlt"},"content":{"rendered":"<p><strong>Entdecke die echten Aromen des Tessins mit den Agrieperienze d\u2019Autunno.<\/strong><\/p>\n<p>Eine gef\u00fchrte Reise durch die bunten St\u00e4nde des Herbstfestes und des Agrifestivals, wo Tradition und Genuss in einer einzigartigen Atmosph\u00e4re verschmelzen.<\/p>\n<p>In Begleitung einer erfahrenen Reisef\u00fchrerin\/eines erfahrenen Reisef\u00fchrers begegnest du lokalen Produzenten, kostest ihre Kreationen und l\u00e4sst dich \u2013 zwischen Anekdoten, Tipps und Geschichten \u2013 auf eine sinnliche Reise zwischen Geschmack und Kultur entf\u00fchren.<\/p>\n<p>&nbsp;<\/p>\n<p>Am Ende des Besuchs auf dem <strong>Markt<\/strong> und im stimmungsvollen <strong>\u201eCorte dei Patrizi\u201c<\/strong> (Patriziatshof ) erwartet dich ein besonderer Moment: ein <strong>gef\u00fchrter Aperitif mit Degustation<\/strong>, exklusiv f\u00fcr dich gestaltet. Ein Weinsommelier begleitet dich auf einem sensorischen Rundgang und kombiniert typische Produkte meisterhaft mit ausgew\u00e4hlten Weinen, um jedes Geschmackserlebnis zu veredeln.<\/p>\n<p>Neuheit dieses Jahres: die Teilnahme von Produzenten mit dem Qualit\u00e4tslabel Ticino regio.garantie, Garant f\u00fcr Exzellenz und Tradition.<\/p>\n<p>&nbsp;<\/p>\n<p>Buche jetzt deine Agrieperienze d\u2019Autunno und lass dich von der authentischsten und faszinierendsten Seite des Tessins \u00fcberraschen.<\/p>\n<p>&nbsp;<\/p>\n<p><strong>Gef\u00f6rdert vom Kompetenzzentrum f\u00fcr Agrar- und Lebensmittelwirtschaft Tessin (CCAT) <\/strong><br \/>\n<strong>und in Zusammenarbeit mit<\/strong><\/p>\n<p>&nbsp;<\/p>\n<p><strong><a href=\"https:\/\/www.luganoregion.com\/\" target=\"_blank\" rel=\"noopener\"><img loading=\"lazy\" decoding=\"async\" class=\"alignnone wp-image-3285\" src=\"https:\/\/ticinoate.ch\/wp-content\/uploads\/2025\/09\/lugano_region.jpg\" alt=\"\" width=\"127\" height=\"50\" \/><\/a>\u00a0 \u00a0 \u00a0<a href=\"https:\/\/ticinowine.ch\/\" target=\"_blank\" rel=\"noopener\"><img loading=\"lazy\" decoding=\"async\" class=\"alignnone wp-image-3289\" src=\"https:\/\/ticinoate.ch\/wp-content\/uploads\/2025\/09\/ticinowine.jpg\" alt=\"\" width=\"153\" height=\"50\" \/><\/a>\u00a0 \u00a0 \u00a0<a href=\"https:\/\/guidesi.ch\/\" target=\"_blank\" rel=\"noopener\"><img loading=\"lazy\" decoding=\"async\" class=\"alignnone wp-image-3281\" src=\"https:\/\/ticinoate.ch\/wp-content\/uploads\/2025\/09\/guide_si.jpg\" alt=\"\" width=\"126\" height=\"50\" \/><\/a><\/strong><\/p>\n<p>&nbsp;<\/p>\n<p>&nbsp;<\/p>\n<p>&nbsp;<\/p>\n<p><strong>Weitere Informationen<\/strong><\/p>\n<p><em>Im Preis inbegriffen:<\/em> F\u00fchrung, Shopper, Degustation lokaler Produkte und Weine in Begleitung eines Sommeliers.<\/p>\n<p>&nbsp;<\/p>\n<p><span class=\"copyright-text\">Copyright foto:<br \/>\n\u00a9 Switzerland Tourism &#8211; Silvano Zeiter,<br \/>\n\u00a9 Lugano Region &#8211; Milo Zanecchia<\/span><\/p>\n","protected":false},"excerpt":{"rendered":"<p>Entdecke die echten Aromen des Tessins mit den Agrieperienze d\u2019Autunno. Eine gef\u00fchrte Reise durch die bunten St\u00e4nde des Herbstfestes und des Agrifestivals, wo Tradition und Genuss in einer einzigartigen Atmosph\u00e4re<\/p>\n","protected":false},"author":1,"featured_media":3259,"template":"","tags":[],"mec_category":[],"class_list":["post-3268","mec-events","type-mec-events","status-publish","has-post-thumbnail","hentry"],"yoast_head":"<!-- This site is optimized with the Yoast SEO plugin v26.0 - https:\/\/yoast.com\/wordpress\/plugins\/seo\/ -->\n<title>Agrieperienze d\u2019Autunno (Herbst-AgrarErlebnisse): Wo der Geschmack das Territorium erz\u00e4hlt &#187; ticinoate.ch<\/title>\n<meta name=\"robots\" content=\"index, follow, max-snippet:-1, max-image-preview:large, max-video-preview:-1\" \/>\n<link rel=\"canonical\" href=\"https:\/\/ticinoate.ch\/de\/events\/herbst\/\" \/>\n<meta property=\"og:locale\" content=\"de_DE\" \/>\n<meta property=\"og:type\" content=\"article\" \/>\n<meta property=\"og:title\" content=\"Agrieperienze d\u2019Autunno (Herbst-AgrarErlebnisse): Wo der Geschmack das Territorium erz\u00e4hlt &#187; ticinoate.ch\" \/>\n<meta property=\"og:description\" content=\"Entdecke die echten Aromen des Tessins mit den Agrieperienze d\u2019Autunno. Eine gef\u00fchrte Reise durch die bunten St\u00e4nde des Herbstfestes und des Agrifestivals, wo Tradition und Genuss in einer einzigartigen Atmosph\u00e4re\" \/>\n<meta property=\"og:url\" content=\"https:\/\/ticinoate.ch\/de\/events\/herbst\/\" \/>\n<meta property=\"og:site_name\" content=\"ticinoate.ch\" \/>\n<meta property=\"article:publisher\" content=\"https:\/\/www.facebook.com\/ticinoate\/\" \/>\n<meta property=\"article:modified_time\" content=\"2025-09-19T11:20:13+00:00\" \/>\n<meta property=\"og:image\" content=\"https:\/\/ticinoate.ch\/wp-content\/uploads\/2025\/09\/Web-image-LR_mercato-alimentare_lugano_svizzera-turismo-silvano-zeiter_2020_0002.jpg\" \/>\n\t<meta property=\"og:image:width\" content=\"1920\" \/>\n\t<meta property=\"og:image:height\" content=\"1280\" \/>\n\t<meta property=\"og:image:type\" content=\"image\/jpeg\" \/>\n<meta name=\"twitter:card\" content=\"summary_large_image\" \/>\n<meta name=\"twitter:label1\" content=\"Gesch\u00e4tzte Lesezeit\" \/>\n\t<meta name=\"twitter:data1\" content=\"2\u00a0Minuten\" \/>\n<script type=\"application\/ld+json\" class=\"yoast-schema-graph\">{\"@context\":\"https:\/\/schema.org\",\"@graph\":[{\"@type\":\"WebPage\",\"@id\":\"https:\/\/ticinoate.ch\/de\/events\/herbst\/\",\"url\":\"https:\/\/ticinoate.ch\/de\/events\/herbst\/\",\"name\":\"Agrieperienze d\u2019Autunno (Herbst-AgrarErlebnisse): Wo der Geschmack das Territorium erz\u00e4hlt &#187; ticinoate.ch\",\"isPartOf\":{\"@id\":\"https:\/\/ticinoate.ch\/#website\"},\"primaryImageOfPage\":{\"@id\":\"https:\/\/ticinoate.ch\/de\/events\/herbst\/#primaryimage\"},\"image\":{\"@id\":\"https:\/\/ticinoate.ch\/de\/events\/herbst\/#primaryimage\"},\"thumbnailUrl\":\"https:\/\/ticinoate.ch\/wp-content\/uploads\/2025\/09\/Web-image-LR_mercato-alimentare_lugano_svizzera-turismo-silvano-zeiter_2020_0002.jpg\",\"datePublished\":\"2025-09-10T13:07:06+00:00\",\"dateModified\":\"2025-09-19T11:20:13+00:00\",\"breadcrumb\":{\"@id\":\"https:\/\/ticinoate.ch\/de\/events\/herbst\/#breadcrumb\"},\"inLanguage\":\"de\",\"potentialAction\":[{\"@type\":\"ReadAction\",\"target\":[\"https:\/\/ticinoate.ch\/de\/events\/herbst\/\"]}]},{\"@type\":\"ImageObject\",\"inLanguage\":\"de\",\"@id\":\"https:\/\/ticinoate.ch\/de\/events\/herbst\/#primaryimage\",\"url\":\"https:\/\/ticinoate.ch\/wp-content\/uploads\/2025\/09\/Web-image-LR_mercato-alimentare_lugano_svizzera-turismo-silvano-zeiter_2020_0002.jpg\",\"contentUrl\":\"https:\/\/ticinoate.ch\/wp-content\/uploads\/2025\/09\/Web-image-LR_mercato-alimentare_lugano_svizzera-turismo-silvano-zeiter_2020_0002.jpg\",\"width\":1920,\"height\":1280},{\"@type\":\"BreadcrumbList\",\"@id\":\"https:\/\/ticinoate.ch\/de\/events\/herbst\/#breadcrumb\",\"itemListElement\":[{\"@type\":\"ListItem\",\"position\":1,\"name\":\"Home\",\"item\":\"https:\/\/ticinoate.ch\/de\/\"},{\"@type\":\"ListItem\",\"position\":2,\"name\":\"Eventi\",\"item\":\"https:\/\/ticinoate.ch\/events\/\"},{\"@type\":\"ListItem\",\"position\":3,\"name\":\"Agrieperienze d\u2019Autunno (Herbst-AgrarErlebnisse): Wo der Geschmack das Territorium erz\u00e4hlt\"}]},{\"@type\":\"WebSite\",\"@id\":\"https:\/\/ticinoate.ch\/#website\",\"url\":\"https:\/\/ticinoate.ch\/\",\"name\":\"Ticino a Te\",\"description\":\"nostrano e genuino\",\"publisher\":{\"@id\":\"https:\/\/ticinoate.ch\/#organization\"},\"potentialAction\":[{\"@type\":\"SearchAction\",\"target\":{\"@type\":\"EntryPoint\",\"urlTemplate\":\"https:\/\/ticinoate.ch\/?s={search_term_string}\"},\"query-input\":{\"@type\":\"PropertyValueSpecification\",\"valueRequired\":true,\"valueName\":\"search_term_string\"}}],\"inLanguage\":\"de\"},{\"@type\":\"Organization\",\"@id\":\"https:\/\/ticinoate.ch\/#organization\",\"name\":\"ticinoate\",\"url\":\"https:\/\/ticinoate.ch\/\",\"logo\":{\"@type\":\"ImageObject\",\"inLanguage\":\"de\",\"@id\":\"https:\/\/ticinoate.ch\/#\/schema\/logo\/image\/\",\"url\":\"https:\/\/ticinoate.ch\/wp-content\/uploads\/2022\/05\/ticinoate_logo.svg\",\"contentUrl\":\"https:\/\/ticinoate.ch\/wp-content\/uploads\/2022\/05\/ticinoate_logo.svg\",\"width\":\"1024\",\"height\":\"1024\",\"caption\":\"ticinoate\"},\"image\":{\"@id\":\"https:\/\/ticinoate.ch\/#\/schema\/logo\/image\/\"},\"sameAs\":[\"https:\/\/www.facebook.com\/ticinoate\/\",\"https:\/\/www.instagram.com\/ticinoate\/?hl=it\"]}]}<\/script>\n<!-- \/ Yoast SEO plugin. -->","yoast_head_json":{"title":"Agrieperienze d\u2019Autunno (Herbst-AgrarErlebnisse): Wo der Geschmack das Territorium erz\u00e4hlt &#187; ticinoate.ch","robots":{"index":"index","follow":"follow","max-snippet":"max-snippet:-1","max-image-preview":"max-image-preview:large","max-video-preview":"max-video-preview:-1"},"canonical":"https:\/\/ticinoate.ch\/de\/events\/herbst\/","og_locale":"de_DE","og_type":"article","og_title":"Agrieperienze d\u2019Autunno (Herbst-AgrarErlebnisse): Wo der Geschmack das Territorium erz\u00e4hlt &#187; ticinoate.ch","og_description":"Entdecke die echten Aromen des Tessins mit den Agrieperienze d\u2019Autunno. Eine gef\u00fchrte Reise durch die bunten St\u00e4nde des Herbstfestes und des Agrifestivals, wo Tradition und Genuss in einer einzigartigen Atmosph\u00e4re","og_url":"https:\/\/ticinoate.ch\/de\/events\/herbst\/","og_site_name":"ticinoate.ch","article_publisher":"https:\/\/www.facebook.com\/ticinoate\/","article_modified_time":"2025-09-19T11:20:13+00:00","og_image":[{"width":1920,"height":1280,"url":"https:\/\/ticinoate.ch\/wp-content\/uploads\/2025\/09\/Web-image-LR_mercato-alimentare_lugano_svizzera-turismo-silvano-zeiter_2020_0002.jpg","type":"image\/jpeg"}],"twitter_card":"summary_large_image","twitter_misc":{"Gesch\u00e4tzte Lesezeit":"2\u00a0Minuten"},"schema":{"@context":"https:\/\/schema.org","@graph":[{"@type":"WebPage","@id":"https:\/\/ticinoate.ch\/de\/events\/herbst\/","url":"https:\/\/ticinoate.ch\/de\/events\/herbst\/","name":"Agrieperienze d\u2019Autunno (Herbst-AgrarErlebnisse): Wo der Geschmack das Territorium erz\u00e4hlt &#187; ticinoate.ch","isPartOf":{"@id":"https:\/\/ticinoate.ch\/#website"},"primaryImageOfPage":{"@id":"https:\/\/ticinoate.ch\/de\/events\/herbst\/#primaryimage"},"image":{"@id":"https:\/\/ticinoate.ch\/de\/events\/herbst\/#primaryimage"},"thumbnailUrl":"https:\/\/ticinoate.ch\/wp-content\/uploads\/2025\/09\/Web-image-LR_mercato-alimentare_lugano_svizzera-turismo-silvano-zeiter_2020_0002.jpg","datePublished":"2025-09-10T13:07:06+00:00","dateModified":"2025-09-19T11:20:13+00:00","breadcrumb":{"@id":"https:\/\/ticinoate.ch\/de\/events\/herbst\/#breadcrumb"},"inLanguage":"de","potentialAction":[{"@type":"ReadAction","target":["https:\/\/ticinoate.ch\/de\/events\/herbst\/"]}]},{"@type":"ImageObject","inLanguage":"de","@id":"https:\/\/ticinoate.ch\/de\/events\/herbst\/#primaryimage","url":"https:\/\/ticinoate.ch\/wp-content\/uploads\/2025\/09\/Web-image-LR_mercato-alimentare_lugano_svizzera-turismo-silvano-zeiter_2020_0002.jpg","contentUrl":"https:\/\/ticinoate.ch\/wp-content\/uploads\/2025\/09\/Web-image-LR_mercato-alimentare_lugano_svizzera-turismo-silvano-zeiter_2020_0002.jpg","width":1920,"height":1280},{"@type":"BreadcrumbList","@id":"https:\/\/ticinoate.ch\/de\/events\/herbst\/#breadcrumb","itemListElement":[{"@type":"ListItem","position":1,"name":"Home","item":"https:\/\/ticinoate.ch\/de\/"},{"@type":"ListItem","position":2,"name":"Eventi","item":"https:\/\/ticinoate.ch\/events\/"},{"@type":"ListItem","position":3,"name":"Agrieperienze d\u2019Autunno (Herbst-AgrarErlebnisse): Wo der Geschmack das Territorium erz\u00e4hlt"}]},{"@type":"WebSite","@id":"https:\/\/ticinoate.ch\/#website","url":"https:\/\/ticinoate.ch\/","name":"Ticino a Te","description":"nostrano e genuino","publisher":{"@id":"https:\/\/ticinoate.ch\/#organization"},"potentialAction":[{"@type":"SearchAction","target":{"@type":"EntryPoint","urlTemplate":"https:\/\/ticinoate.ch\/?s={search_term_string}"},"query-input":{"@type":"PropertyValueSpecification","valueRequired":true,"valueName":"search_term_string"}}],"inLanguage":"de"},{"@type":"Organization","@id":"https:\/\/ticinoate.ch\/#organization","name":"ticinoate","url":"https:\/\/ticinoate.ch\/","logo":{"@type":"ImageObject","inLanguage":"de","@id":"https:\/\/ticinoate.ch\/#\/schema\/logo\/image\/","url":"https:\/\/ticinoate.ch\/wp-content\/uploads\/2022\/05\/ticinoate_logo.svg","contentUrl":"https:\/\/ticinoate.ch\/wp-content\/uploads\/2022\/05\/ticinoate_logo.svg","width":"1024","height":"1024","caption":"ticinoate"},"image":{"@id":"https:\/\/ticinoate.ch\/#\/schema\/logo\/image\/"},"sameAs":["https:\/\/www.facebook.com\/ticinoate\/","https:\/\/www.instagram.com\/ticinoate\/?hl=it"]}]}},"_links":{"self":[{"href":"https:\/\/ticinoate.ch\/de\/wp-json\/wp\/v2\/mec-events\/3268","targetHints":{"allow":["GET"]}}],"collection":[{"href":"https:\/\/ticinoate.ch\/de\/wp-json\/wp\/v2\/mec-events"}],"about":[{"href":"https:\/\/ticinoate.ch\/de\/wp-json\/wp\/v2\/types\/mec-events"}],"author":[{"embeddable":true,"href":"https:\/\/ticinoate.ch\/de\/wp-json\/wp\/v2\/users\/1"}],"wp:featuredmedia":[{"embeddable":true,"href":"https:\/\/ticinoate.ch\/de\/wp-json\/wp\/v2\/media\/3259"}],"wp:attachment":[{"href":"https:\/\/ticinoate.ch\/de\/wp-json\/wp\/v2\/media?parent=3268"}],"wp:term":[{"taxonomy":"post_tag","embeddable":true,"href":"https:\/\/ticinoate.ch\/de\/wp-json\/wp\/v2\/tags?post=3268"},{"taxonomy":"mec_category","embeddable":true,"href":"https:\/\/ticinoate.ch\/de\/wp-json\/wp\/v2\/mec_category?post=3268"}],"curies":[{"name":"wp","href":"https:\/\/api.w.org\/{rel}","templated":true}]}}