{"id":3097,"date":"2025-06-06T14:23:02","date_gmt":"2025-06-06T14:23:02","guid":{"rendered":"https:\/\/ticinoate.ch\/?post_type=mec-events&#038;p=3097"},"modified":"2026-04-24T11:57:25","modified_gmt":"2026-04-24T11:57:25","slug":"valle-di-blenio","status":"publish","type":"mec-events","link":"https:\/\/ticinoate.ch\/de\/events\/valle-di-blenio\/","title":{"rendered":"Im Tal der Sonne: im Bleniotal Kultur erleben, Regionales geniessen"},"content":{"rendered":"<p>Man begibt sich auf Entdeckung des Bleniotals, das auch als \u201eSonnental\u201c bekannt ist. Zentrales Element der Tour ist der Besuch der Azienda Agricola Croce, eines familiengef\u00fchrten Betriebs, der frische und qualitativ hochwertige Produkte aus eigener Herstellung (Kilometer null) anbietet. Vor Ort erwartet die Teilnehmenden ein Aperitif mit frischen K\u00e4sesorten, gefolgt von ihrem k\u00f6stlichen Speiseeis \u2013 eine genussvolle Art, die Aromen der Region zu entdecken. Auf dem Hof werden rund 50 Milchk\u00fche sowie eine \u00e4hnliche Anzahl junger Rinder der Rasse Brown Swiss sorgf\u00e4ltig gehalten; w\u00e4hrend der Sommersaison verbringt der Gro\u00dfteil der Herde die Zeit auf den verschiedenen Alpen der Region.<\/p>\n<p>Im Anschluss an den Hofbesuch kann das Erlebnis durch eine der folgenden Aktivit\u00e4ten erg\u00e4nzt werden:<\/p>\n<ul>\n<li>Ein Besuch des Museo Storico Etnografico di Lottigna oder der Fondazione Archivio Donetta in Corzoneso (je nach Verf\u00fcgbarkeit), gelegen in historisch bedeutenden und reizvollen Geb\u00e4uden, mit der M\u00f6glichkeit einer selbstst\u00e4ndigen Besichtigung oder einer F\u00fchrung*, auf Anfrage und mit Reservierung. Dort k\u00f6nnen historische Fresken sowie eine umfangreiche Sammlung bewundert werden, die von lokalen Traditionen \u2013 vom Handwerk bis zur Weinherstellung \u2013 erz\u00e4hlt;<\/li>\n<\/ul>\n<p>oder<\/p>\n<ul>\n<li>Ein entspannender Spaziergang in der Natur entlang einer ausgeschilderten Route, die selbstst\u00e4ndig begangen werden kann, um noch tiefer in die Sch\u00f6nheit und Traditionen des Bleniotals einzutauchen.<\/li>\n<\/ul>\n<p>Die Zusatzaktivit\u00e4ten sind nicht im Preis inbegriffen und m\u00fcssen im Voraus reserviert werden.<\/p>\n<p>Auf Anfrage und gegen Aufpreis ist ein privater Minibus-Service verf\u00fcgbar; der Preis wird je nach Anzahl der Teilnehmenden festgelegt.<\/p>\n<p>&nbsp;<\/p>\n<p><a href=\"https:\/\/ticinoate.ch\/de\/best-of-wine-tourism-2025\/\"><img loading=\"lazy\" decoding=\"async\" class=\"alignnone wp-image-2761\" src=\"https:\/\/ticinoate.ch\/wp-content\/uploads\/2024\/10\/BOWTA-2025-Sticker-300x300.png\" alt=\"\" width=\"139\" height=\"139\" srcset=\"https:\/\/ticinoate.ch\/wp-content\/uploads\/2024\/10\/BOWTA-2025-Sticker-300x300.png 300w, https:\/\/ticinoate.ch\/wp-content\/uploads\/2024\/10\/BOWTA-2025-Sticker-150x150.png 150w, https:\/\/ticinoate.ch\/wp-content\/uploads\/2024\/10\/BOWTA-2025-Sticker-500x500.png 500w, https:\/\/ticinoate.ch\/wp-content\/uploads\/2024\/10\/BOWTA-2025-Sticker.png 595w\" sizes=\"auto, (max-width: 139px) 100vw, 139px\" \/><\/a>\u00a0 \u00a0 \u00a0 \u00a0 \u00a0 \u00a0 \u00a0 \u00a0 \u00a0<a href=\"https:\/\/ticinoate.ch\/de\/best-of-wine-tourism-global-winner-2025\/\"><img loading=\"lazy\" decoding=\"async\" class=\"alignnone wp-image-2810\" src=\"https:\/\/ticinoate.ch\/wp-content\/uploads\/2024\/10\/Global-Best-Of-1-237x300.png\" alt=\"\" width=\"112\" height=\"141\" srcset=\"https:\/\/ticinoate.ch\/wp-content\/uploads\/2024\/10\/Global-Best-Of-1-237x300.png 237w, https:\/\/ticinoate.ch\/wp-content\/uploads\/2024\/10\/Global-Best-Of-1.png 389w\" sizes=\"auto, (max-width: 112px) 100vw, 112px\" \/><\/a><\/p>\n<p>&nbsp;<\/p>\n<p>&nbsp;<\/p>\n<h6>F\u00fcr weitere Daten, personalisierte Erlebnisse und Informationen schreiben Sie an unseree <a href=\"mailto:info@ticinoate.ch\" target=\"_blank\" rel=\"noopener\">mail<\/a>.<\/h6>\n<p>&nbsp;<\/p>\n<p>&nbsp;<\/p>\n<p><strong>Weitere Informationen<\/strong><\/p>\n<p><em>Empfohlene Kleidung<\/em>: Kleidung (im Herbst warm) und bequeme Schuhe, in den Sommermonaten Sonnencreme und Kopfbedeckung.<\/p>\n<hr \/>\n<p><em>Im Preis inbegriffen<\/em>: Besichtigung des Bauernhofs Croce und der K\u00e4serei, Ap\u00e9ro mit lokalen Produkten, 1 Glas Wein, 1 k\u00f6stliches Eis oder Joghurt.<\/p>\n<hr \/>\n<p><em>Zugang f\u00fcr Rollst\u00fchle <\/em>: no.<\/p>\n<hr \/>\n<p><em>Extra: <\/em>Auf Anfrage und mit Reservierung kann das Erlebnis.<\/p>\n<hr \/>\n<p><em>Das Programm kann aus organisatorischen Gr\u00fcnden geringf\u00fcgige \u00c4nderungen erfordern.<\/em><\/p>\n","protected":false},"excerpt":{"rendered":"<p>Man begibt sich auf Entdeckung des Bleniotals, das auch als \u201eSonnental\u201c bekannt ist. Zentrales Element der Tour ist der Besuch der Azienda Agricola Croce, eines familiengef\u00fchrten Betriebs, der frische und<\/p>\n","protected":false},"author":1,"featured_media":3064,"template":"","tags":[],"mec_category":[],"class_list":["post-3097","mec-events","type-mec-events","status-publish","has-post-thumbnail","hentry"],"yoast_head":"<!-- This site is optimized with the Yoast SEO plugin v26.0 - https:\/\/yoast.com\/wordpress\/plugins\/seo\/ -->\n<title>Im Tal der Sonne: im Bleniotal Kultur erleben, Regionales geniessen &#187; ticinoate.ch<\/title>\n<meta name=\"robots\" content=\"index, follow, max-snippet:-1, max-image-preview:large, max-video-preview:-1\" \/>\n<link rel=\"canonical\" href=\"https:\/\/ticinoate.ch\/de\/events\/valle-di-blenio\/\" \/>\n<meta property=\"og:locale\" content=\"de_DE\" \/>\n<meta property=\"og:type\" content=\"article\" \/>\n<meta property=\"og:title\" content=\"Im Tal der Sonne: im Bleniotal Kultur erleben, Regionales geniessen &#187; ticinoate.ch\" \/>\n<meta property=\"og:description\" content=\"Man begibt sich auf Entdeckung des Bleniotals, das auch als \u201eSonnental\u201c bekannt ist. Zentrales Element der Tour ist der Besuch der Azienda Agricola Croce, eines familiengef\u00fchrten Betriebs, der frische und\" \/>\n<meta property=\"og:url\" content=\"https:\/\/ticinoate.ch\/de\/events\/valle-di-blenio\/\" \/>\n<meta property=\"og:site_name\" content=\"ticinoate.ch\" \/>\n<meta property=\"article:publisher\" content=\"https:\/\/www.facebook.com\/ticinoate\/\" \/>\n<meta property=\"article:modified_time\" content=\"2026-04-24T11:57:25+00:00\" \/>\n<meta property=\"og:image\" content=\"https:\/\/ticinoate.ch\/wp-content\/uploads\/2025\/06\/Agriesperienza_Croce_BZN0790_web.jpg\" \/>\n\t<meta property=\"og:image:width\" content=\"1200\" \/>\n\t<meta property=\"og:image:height\" content=\"800\" \/>\n\t<meta property=\"og:image:type\" content=\"image\/jpeg\" \/>\n<meta name=\"twitter:card\" content=\"summary_large_image\" \/>\n<meta name=\"twitter:label1\" content=\"Gesch\u00e4tzte Lesezeit\" \/>\n\t<meta name=\"twitter:data1\" content=\"3\u00a0Minuten\" \/>\n<script type=\"application\/ld+json\" class=\"yoast-schema-graph\">{\"@context\":\"https:\/\/schema.org\",\"@graph\":[{\"@type\":\"WebPage\",\"@id\":\"https:\/\/ticinoate.ch\/de\/events\/valle-di-blenio\/\",\"url\":\"https:\/\/ticinoate.ch\/de\/events\/valle-di-blenio\/\",\"name\":\"Im Tal der Sonne: im Bleniotal Kultur erleben, Regionales geniessen &#187; ticinoate.ch\",\"isPartOf\":{\"@id\":\"https:\/\/ticinoate.ch\/#website\"},\"primaryImageOfPage\":{\"@id\":\"https:\/\/ticinoate.ch\/de\/events\/valle-di-blenio\/#primaryimage\"},\"image\":{\"@id\":\"https:\/\/ticinoate.ch\/de\/events\/valle-di-blenio\/#primaryimage\"},\"thumbnailUrl\":\"https:\/\/ticinoate.ch\/wp-content\/uploads\/2025\/06\/Agriesperienza_Croce_BZN0790_web.jpg\",\"datePublished\":\"2025-06-06T14:23:02+00:00\",\"dateModified\":\"2026-04-24T11:57:25+00:00\",\"breadcrumb\":{\"@id\":\"https:\/\/ticinoate.ch\/de\/events\/valle-di-blenio\/#breadcrumb\"},\"inLanguage\":\"de\",\"potentialAction\":[{\"@type\":\"ReadAction\",\"target\":[\"https:\/\/ticinoate.ch\/de\/events\/valle-di-blenio\/\"]}]},{\"@type\":\"ImageObject\",\"inLanguage\":\"de\",\"@id\":\"https:\/\/ticinoate.ch\/de\/events\/valle-di-blenio\/#primaryimage\",\"url\":\"https:\/\/ticinoate.ch\/wp-content\/uploads\/2025\/06\/Agriesperienza_Croce_BZN0790_web.jpg\",\"contentUrl\":\"https:\/\/ticinoate.ch\/wp-content\/uploads\/2025\/06\/Agriesperienza_Croce_BZN0790_web.jpg\",\"width\":1200,\"height\":800,\"caption\":\"14.05.2025, Valle di Blenio, Agriesperienza - Azienda Agricola Croce, Campo Blenio - Museo Storico Etnografico Valle di Blenio, Lottigna - Vigneto Storico a Ludiano (Michela Locatelli\/photolocatelli.ch)\"},{\"@type\":\"BreadcrumbList\",\"@id\":\"https:\/\/ticinoate.ch\/de\/events\/valle-di-blenio\/#breadcrumb\",\"itemListElement\":[{\"@type\":\"ListItem\",\"position\":1,\"name\":\"Home\",\"item\":\"https:\/\/ticinoate.ch\/de\/\"},{\"@type\":\"ListItem\",\"position\":2,\"name\":\"Eventi\",\"item\":\"https:\/\/ticinoate.ch\/events\/\"},{\"@type\":\"ListItem\",\"position\":3,\"name\":\"Im Tal der Sonne: im Bleniotal Kultur erleben, Regionales geniessen\"}]},{\"@type\":\"WebSite\",\"@id\":\"https:\/\/ticinoate.ch\/#website\",\"url\":\"https:\/\/ticinoate.ch\/\",\"name\":\"Ticino a Te\",\"description\":\"nostrano e genuino\",\"publisher\":{\"@id\":\"https:\/\/ticinoate.ch\/#organization\"},\"potentialAction\":[{\"@type\":\"SearchAction\",\"target\":{\"@type\":\"EntryPoint\",\"urlTemplate\":\"https:\/\/ticinoate.ch\/?s={search_term_string}\"},\"query-input\":{\"@type\":\"PropertyValueSpecification\",\"valueRequired\":true,\"valueName\":\"search_term_string\"}}],\"inLanguage\":\"de\"},{\"@type\":\"Organization\",\"@id\":\"https:\/\/ticinoate.ch\/#organization\",\"name\":\"ticinoate\",\"url\":\"https:\/\/ticinoate.ch\/\",\"logo\":{\"@type\":\"ImageObject\",\"inLanguage\":\"de\",\"@id\":\"https:\/\/ticinoate.ch\/#\/schema\/logo\/image\/\",\"url\":\"https:\/\/ticinoate.ch\/wp-content\/uploads\/2022\/05\/ticinoate_logo.svg\",\"contentUrl\":\"https:\/\/ticinoate.ch\/wp-content\/uploads\/2022\/05\/ticinoate_logo.svg\",\"width\":\"1024\",\"height\":\"1024\",\"caption\":\"ticinoate\"},\"image\":{\"@id\":\"https:\/\/ticinoate.ch\/#\/schema\/logo\/image\/\"},\"sameAs\":[\"https:\/\/www.facebook.com\/ticinoate\/\",\"https:\/\/www.instagram.com\/ticinoate\/?hl=it\"]}]}<\/script>\n<!-- \/ Yoast SEO plugin. -->","yoast_head_json":{"title":"Im Tal der Sonne: im Bleniotal Kultur erleben, Regionales geniessen &#187; ticinoate.ch","robots":{"index":"index","follow":"follow","max-snippet":"max-snippet:-1","max-image-preview":"max-image-preview:large","max-video-preview":"max-video-preview:-1"},"canonical":"https:\/\/ticinoate.ch\/de\/events\/valle-di-blenio\/","og_locale":"de_DE","og_type":"article","og_title":"Im Tal der Sonne: im Bleniotal Kultur erleben, Regionales geniessen &#187; ticinoate.ch","og_description":"Man begibt sich auf Entdeckung des Bleniotals, das auch als \u201eSonnental\u201c bekannt ist. Zentrales Element der Tour ist der Besuch der Azienda Agricola Croce, eines familiengef\u00fchrten Betriebs, der frische und","og_url":"https:\/\/ticinoate.ch\/de\/events\/valle-di-blenio\/","og_site_name":"ticinoate.ch","article_publisher":"https:\/\/www.facebook.com\/ticinoate\/","article_modified_time":"2026-04-24T11:57:25+00:00","og_image":[{"width":1200,"height":800,"url":"https:\/\/ticinoate.ch\/wp-content\/uploads\/2025\/06\/Agriesperienza_Croce_BZN0790_web.jpg","type":"image\/jpeg"}],"twitter_card":"summary_large_image","twitter_misc":{"Gesch\u00e4tzte Lesezeit":"3\u00a0Minuten"},"schema":{"@context":"https:\/\/schema.org","@graph":[{"@type":"WebPage","@id":"https:\/\/ticinoate.ch\/de\/events\/valle-di-blenio\/","url":"https:\/\/ticinoate.ch\/de\/events\/valle-di-blenio\/","name":"Im Tal der Sonne: im Bleniotal Kultur erleben, Regionales geniessen &#187; ticinoate.ch","isPartOf":{"@id":"https:\/\/ticinoate.ch\/#website"},"primaryImageOfPage":{"@id":"https:\/\/ticinoate.ch\/de\/events\/valle-di-blenio\/#primaryimage"},"image":{"@id":"https:\/\/ticinoate.ch\/de\/events\/valle-di-blenio\/#primaryimage"},"thumbnailUrl":"https:\/\/ticinoate.ch\/wp-content\/uploads\/2025\/06\/Agriesperienza_Croce_BZN0790_web.jpg","datePublished":"2025-06-06T14:23:02+00:00","dateModified":"2026-04-24T11:57:25+00:00","breadcrumb":{"@id":"https:\/\/ticinoate.ch\/de\/events\/valle-di-blenio\/#breadcrumb"},"inLanguage":"de","potentialAction":[{"@type":"ReadAction","target":["https:\/\/ticinoate.ch\/de\/events\/valle-di-blenio\/"]}]},{"@type":"ImageObject","inLanguage":"de","@id":"https:\/\/ticinoate.ch\/de\/events\/valle-di-blenio\/#primaryimage","url":"https:\/\/ticinoate.ch\/wp-content\/uploads\/2025\/06\/Agriesperienza_Croce_BZN0790_web.jpg","contentUrl":"https:\/\/ticinoate.ch\/wp-content\/uploads\/2025\/06\/Agriesperienza_Croce_BZN0790_web.jpg","width":1200,"height":800,"caption":"14.05.2025, Valle di Blenio, Agriesperienza - Azienda Agricola Croce, Campo Blenio - Museo Storico Etnografico Valle di Blenio, Lottigna - Vigneto Storico a Ludiano (Michela Locatelli\/photolocatelli.ch)"},{"@type":"BreadcrumbList","@id":"https:\/\/ticinoate.ch\/de\/events\/valle-di-blenio\/#breadcrumb","itemListElement":[{"@type":"ListItem","position":1,"name":"Home","item":"https:\/\/ticinoate.ch\/de\/"},{"@type":"ListItem","position":2,"name":"Eventi","item":"https:\/\/ticinoate.ch\/events\/"},{"@type":"ListItem","position":3,"name":"Im Tal der Sonne: im Bleniotal Kultur erleben, Regionales geniessen"}]},{"@type":"WebSite","@id":"https:\/\/ticinoate.ch\/#website","url":"https:\/\/ticinoate.ch\/","name":"Ticino a Te","description":"nostrano e genuino","publisher":{"@id":"https:\/\/ticinoate.ch\/#organization"},"potentialAction":[{"@type":"SearchAction","target":{"@type":"EntryPoint","urlTemplate":"https:\/\/ticinoate.ch\/?s={search_term_string}"},"query-input":{"@type":"PropertyValueSpecification","valueRequired":true,"valueName":"search_term_string"}}],"inLanguage":"de"},{"@type":"Organization","@id":"https:\/\/ticinoate.ch\/#organization","name":"ticinoate","url":"https:\/\/ticinoate.ch\/","logo":{"@type":"ImageObject","inLanguage":"de","@id":"https:\/\/ticinoate.ch\/#\/schema\/logo\/image\/","url":"https:\/\/ticinoate.ch\/wp-content\/uploads\/2022\/05\/ticinoate_logo.svg","contentUrl":"https:\/\/ticinoate.ch\/wp-content\/uploads\/2022\/05\/ticinoate_logo.svg","width":"1024","height":"1024","caption":"ticinoate"},"image":{"@id":"https:\/\/ticinoate.ch\/#\/schema\/logo\/image\/"},"sameAs":["https:\/\/www.facebook.com\/ticinoate\/","https:\/\/www.instagram.com\/ticinoate\/?hl=it"]}]}},"_links":{"self":[{"href":"https:\/\/ticinoate.ch\/de\/wp-json\/wp\/v2\/mec-events\/3097","targetHints":{"allow":["GET"]}}],"collection":[{"href":"https:\/\/ticinoate.ch\/de\/wp-json\/wp\/v2\/mec-events"}],"about":[{"href":"https:\/\/ticinoate.ch\/de\/wp-json\/wp\/v2\/types\/mec-events"}],"author":[{"embeddable":true,"href":"https:\/\/ticinoate.ch\/de\/wp-json\/wp\/v2\/users\/1"}],"wp:featuredmedia":[{"embeddable":true,"href":"https:\/\/ticinoate.ch\/de\/wp-json\/wp\/v2\/media\/3064"}],"wp:attachment":[{"href":"https:\/\/ticinoate.ch\/de\/wp-json\/wp\/v2\/media?parent=3097"}],"wp:term":[{"taxonomy":"post_tag","embeddable":true,"href":"https:\/\/ticinoate.ch\/de\/wp-json\/wp\/v2\/tags?post=3097"},{"taxonomy":"mec_category","embeddable":true,"href":"https:\/\/ticinoate.ch\/de\/wp-json\/wp\/v2\/mec_category?post=3097"}],"curies":[{"name":"wp","href":"https:\/\/api.w.org\/{rel}","templated":true}]}}